{"id":1822,"date":"2022-08-17T12:45:38","date_gmt":"2022-08-17T12:45:38","guid":{"rendered":"https:\/\/tienda.gevalia.es\/?post_type=product&#038;p=1822"},"modified":"2022-08-24T10:12:12","modified_gmt":"2022-08-24T10:12:12","slug":"comunicacion-interpersonal","status":"publish","type":"product","link":"https:\/\/tienda.gevalia.es\/?product=comunicacion-interpersonal","title":{"rendered":"Comunicaci\u00f3n interpersonal."},"content":{"rendered":"<p>Modalidad: On Line<br \/>\nDuraci\u00f3n: 30 horas<\/p>\n<h3 class=\"fusion-responsive-typography-calculated\" data-fontsize=\"22\" data-lineheight=\"35.2px\">Objetivos<\/h3>\n<p>Mejorar la comunicaci\u00f3n interpersonal para conocerse mejor a s\u00ed mismo y disfrutar de relaciones m\u00e1s plenas con los dem\u00e1s.<br \/>\n&#8211; Conocer qu\u00e9 es la comunicaci\u00f3n interpersonal y los elementos que intervienen en el proceso de comunicaci\u00f3n.<br \/>\n&#8211; Desarrollar habilidades para mejorar la comunicaci\u00f3n interpersonal.<br \/>\n&#8211; Utilizar el estilo de comunicaci\u00f3n adecuado.<br \/>\n&#8211; Superar los obst\u00e1culos que pueden aparecer durante cualquier comunicaci\u00f3n interpersonal.<br \/>\n&#8211; Mejorar aspectos esenciales de la comunicaci\u00f3n interpersonal.<\/p>\n<h3 class=\"fusion-responsive-typography-calculated\" data-fontsize=\"22\" data-lineheight=\"35.2px\">Contenido Formativo<\/h3>\n<p><strong>\u00bfQu\u00e9 es la comunicaci\u00f3n?<\/strong><br \/>\nDefinici\u00f3n de la comunicaci\u00f3n.<br \/>\nElementos de la comunicaci\u00f3n.<br \/>\nComunicaci\u00f3n interpersonal.<\/p>\n<p><strong>Habilidades interpersonales<\/strong><br \/>\n\u00bfQu\u00e9 son las habilidades interpersonales?<br \/>\nEscucha activa.<br \/>\nRespuesta emp\u00e1tica.<br \/>\nAsertividad.<\/p>\n<p><strong>Estilos de comunicaci\u00f3n<\/strong><br \/>\nEstilo pasivo.<br \/>\nEstilo agresivo.<br \/>\nEstilo asertivo.<br \/>\nEstilos de comunicaci\u00f3n organizativos.<\/p>\n<p><strong>Obst\u00e1culos en la comunicaci\u00f3n<\/strong><br \/>\nActitudes.<br \/>\nValores.<br \/>\nEstereotipos.<br \/>\nCultura.<br \/>\nRumores.<br \/>\nOtras barreras.<\/p>\n<p><strong>Mejorar la comunicaci\u00f3n<\/strong><br \/>\nT\u00e9cnicas para mejorar la comunicaci\u00f3n.<br \/>\nEstr\u00e9s y autocontrol en situaciones dif\u00edciles.<br \/>\nLas cr\u00edticas.<\/p>\n<h3 class=\"fusion-responsive-typography-calculated\" data-fontsize=\"22\" data-lineheight=\"35.2px\">\u00bfA qui\u00e9n va dirigido?<\/h3>\n<p>A aquellas personas que quieran mejorar sus competencias ling\u00fc\u00edsticas y socio-culturales en todo lo que ata\u00f1e a la comunicaci\u00f3n interpersonal.<\/p>\n<h3 class=\"fusion-responsive-typography-calculated\" data-fontsize=\"22\" data-lineheight=\"35.2px\">\u00bfPara qu\u00e9 te capacita?<\/h3>\n<p>Para aprender a identificar los beneficios de una comunicaci\u00f3n efectiva, reconociendo su importancia tanto en las relaciones interpersonales como en el entorno de una organizaci\u00f3n.<\/p>\n<h3 class=\"fusion-responsive-typography-calculated\" data-fontsize=\"22\" data-lineheight=\"35.2px\">Otros datos de inter\u00e9s<\/h3>\n<p>&#8211; La comunicaci\u00f3n interpersonal conlleva el desarrollo de otras capacidades. Por lo tanto, este curso tambi\u00e9n te ayudar\u00e1 a:<\/p>\n<ul>\n<li>Mejorar la capacidad para empatizar.<\/li>\n<li>Desarrollar estrategias que permitan analizar las comunicaciones.<\/li>\n<li>Aprender a comunicarse en situaciones de conflicto.<\/li>\n<li>Valorar las diferentes capacidades expresivas.<\/li>\n<\/ul>\n<p>&#8211; El contenido se presenta en base a situaciones que se producen en la vida diaria, a las que hay que enfrentarse y solucionar, por lo que se puede ver la aplicaci\u00f3n pr\u00e1ctica del contenido.<br \/>\n&#8211; Se presentan recursos muy atractivos para el alumnado, en distintos formatos, como son simulaciones de situaciones reales, esquemas, infograf\u00edas\u2026<br \/>\n&#8211; Se narra el contenido mediante audios, pero pudiendo ver visualmente en pantalla en todo momento de lo que se est\u00e1 hablando a trav\u00e9s de esquemas, infograf\u00edas, mapas conceptuales u otros recursos.<br \/>\n&#8211; Se definen t\u00e9rminos espec\u00edficos relacionados con la tem\u00e1tica.<br \/>\n&#8211; Se incluyen distintos recursos complementarios para poder profundizar en el contenido y actividades para ponerlo en pr\u00e1ctica.<br \/>\n&#8211; Se incluyen preguntas de autoevaluaci\u00f3n que ayudar\u00e1n a aumentar la compresi\u00f3n del texto y facilitar su asimilaci\u00f3n.<\/p>\n<p>&nbsp;<\/p>\n<p>&nbsp;<\/p>\n<p>&nbsp;<\/p>\n","protected":false},"excerpt":{"rendered":"<p>Modalidad: On Line Duraci\u00f3n: 30 horas Objetivos Mejorar la comunicaci\u00f3n interpersonal para conocerse mejor a s\u00ed mismo y disfrutar de relaciones m\u00e1s plenas con los dem\u00e1s. &#8211; Conocer qu\u00e9 es la comunicaci\u00f3n interpersonal y los elementos que intervienen en el proceso de comunicaci\u00f3n. &#8211; Desarrollar&hellip;<\/p>\n","protected":false},"featured_media":2069,"comment_status":"closed","ping_status":"closed","template":"","meta":[],"product_cat":[49],"product_tag":[],"class_list":{"0":"post-1822","1":"product","2":"type-product","3":"status-publish","4":"has-post-thumbnail","6":"product_cat-administracion-y-gestion","8":"first","9":"instock","10":"sale","11":"taxable","12":"shipping-taxable","13":"purchasable","14":"product-type-simple"},"_links":{"self":[{"href":"https:\/\/tienda.gevalia.es\/index.php?rest_route=\/wp\/v2\/product\/1822","targetHints":{"allow":["GET"]}}],"collection":[{"href":"https:\/\/tienda.gevalia.es\/index.php?rest_route=\/wp\/v2\/product"}],"about":[{"href":"https:\/\/tienda.gevalia.es\/index.php?rest_route=\/wp\/v2\/types\/product"}],"replies":[{"embeddable":true,"href":"https:\/\/tienda.gevalia.es\/index.php?rest_route=%2Fwp%2Fv2%2Fcomments&post=1822"}],"wp:featuredmedia":[{"embeddable":true,"href":"https:\/\/tienda.gevalia.es\/index.php?rest_route=\/wp\/v2\/media\/2069"}],"wp:attachment":[{"href":"https:\/\/tienda.gevalia.es\/index.php?rest_route=%2Fwp%2Fv2%2Fmedia&parent=1822"}],"wp:term":[{"taxonomy":"product_cat","embeddable":true,"href":"https:\/\/tienda.gevalia.es\/index.php?rest_route=%2Fwp%2Fv2%2Fproduct_cat&post=1822"},{"taxonomy":"product_tag","embeddable":true,"href":"https:\/\/tienda.gevalia.es\/index.php?rest_route=%2Fwp%2Fv2%2Fproduct_tag&post=1822"}],"curies":[{"name":"wp","href":"https:\/\/api.w.org\/{rel}","templated":true}]}}