{"id":1837,"date":"2022-08-17T12:45:42","date_gmt":"2022-08-17T12:45:42","guid":{"rendered":"https:\/\/tienda.gevalia.es\/?post_type=product&#038;p=1837"},"modified":"2022-08-24T17:06:40","modified_gmt":"2022-08-24T17:06:40","slug":"gestion-del-cambio","status":"publish","type":"product","link":"https:\/\/tienda.gevalia.es\/?product=gestion-del-cambio","title":{"rendered":"Gesti\u00f3n del cambio."},"content":{"rendered":"<p>Modalidad: On Line<br \/>\nDuraci\u00f3n: 20 Horas<\/p>\n<h3 class=\"fusion-responsive-typography-calculated\" data-fontsize=\"22\" data-lineheight=\"35.2px\">Objetivos<\/h3>\n<p>Exponer los principales conceptos, etapas y procesos integrados dentro de la gesti\u00f3n del cambio.<br \/>\n&#8211; Conocer los principales conceptos, causas y etapas relacionados con el cambio.<br \/>\n&#8211; Especificar las posibles resistencias ante el cambio y sus estrategias de superaci\u00f3n.<br \/>\n&#8211; Conocer la importancia que supone tomar conciencia de responsabilidad, liderazgo y toma de decisi\u00f3n ante el cambio.<br \/>\n&#8211; Argumentar la necesidad de seguimiento y evaluaci\u00f3n, adem\u00e1s del compromiso y capacidad de resiliencia en la creaci\u00f3n del plan de acci\u00f3n.<\/p>\n<h3 class=\"fusion-responsive-typography-calculated\" data-fontsize=\"22\" data-lineheight=\"35.2px\">Contenido Formativo<\/h3>\n<p><strong>Introducci\u00f3n al cambio<\/strong><br \/>\n\u00bfQu\u00e9 es el cambio?<br \/>\nCausas que provocan el cambio<br \/>\nFases del cambio<br \/>\nTipos de cambios<\/p>\n<p><strong>Resistencia al cambio<\/strong><br \/>\nResistencia individual<br \/>\nResistencia organizacional<br \/>\nEstrategias para superar la resistencia<\/p>\n<p><strong>Toma de conciencia<\/strong><br \/>\nNecesidad de cambio<br \/>\nResponsabilidad<br \/>\nLiderar el cambio<br \/>\nToma de decisiones<\/p>\n<p><strong>Plan de acci\u00f3n<\/strong><br \/>\nResiliencia<br \/>\nCompromiso personal<br \/>\nCreaci\u00f3n del plan de acci\u00f3n<br \/>\nSeguimiento y evaluaci\u00f3n<\/p>\n<h3 class=\"fusion-responsive-typography-calculated\" data-fontsize=\"22\" data-lineheight=\"35.2px\">\u00bfA qui\u00e9n va dirigido?<\/h3>\n<p>A todas aquellas personas que necesiten adaptarse tanto personal, laboral como socialmente a un entorno en continuo cambio. A aquellas personas que quieran cambiar sus actitudes y reacciones en determinadas situaciones y actuar de forma adecuada ante las mismas.<\/p>\n<h3 class=\"fusion-responsive-typography-calculated\" data-fontsize=\"22\" data-lineheight=\"35.2px\">\u00bfPara qu\u00e9 te capacita?<\/h3>\n<p>Para afrontar los cambios y adquirir una serie de conocimientos y habilidades que te ayuden a adaptarte r\u00e1pidamente a ellos, aplicando las t\u00e9cnicas m\u00e1s \u00fatiles en cada situaci\u00f3n.<\/p>\n<h3 class=\"fusion-responsive-typography-calculated\" data-fontsize=\"22\" data-lineheight=\"35.2px\">Otros datos de inter\u00e9s<\/h3>\n<p>&#8211; La capacidad de gestionar adecuadamente los cambios influir\u00e1 en muchos otros aspectos de tu vida, tanto personal como profesional. Este curso tambi\u00e9n te ayudar\u00e1 a:<\/p>\n<ul>\n<li>Analizar los diferentes factores implicados en la resistencia al cambio tanto a nivel personal como organizacional, as\u00ed como las estrategias de superaci\u00f3n.<\/li>\n<li>Conocer los diferentes factores de resistencia presentados por las personas ante el cambio.<\/li>\n<li>Evaluar las posibles resistencias que pueden darse a nivel organizacional.<\/li>\n<li>Conocer la importancia de la toma de conciencia como una de las etapas fundamentales en el proceso de cambio.<\/li>\n<li>Interpretar el rol de l\u00edder como primer agente de cambio.<\/li>\n<li>Utilizar los indicadores m\u00e1s efectivos durante el proceso de toma de decisiones.<\/li>\n<li>Analizar los diferentes factores implicados en la resistencia al cambio tanto a nivel personal como organizacional, as\u00ed como las estrategias de superaci\u00f3n.<\/li>\n<\/ul>\n<p>&#8211; El contenido se presenta en base a situaciones que se producen en la vida diaria, a las que hay que enfrentarse y solucionar, por lo que se puede ver la aplicaci\u00f3n pr\u00e1ctica del contenido.<br \/>\n&#8211; Se presentan recursos muy atractivos para el alumnado, en distintos formatos, como son simulaciones de situaciones reales, esquemas, infograf\u00edas\u2026<br \/>\n&#8211;\u00a0Se narra el contenido mediante audios, pero pudiendo ver visualmente en pantalla en todo momento de lo que se est\u00e1 hablando a trav\u00e9s de esquemas, infograf\u00edas, mapas conceptuales u otros recursos.<br \/>\n&#8211;\u00a0Se definen t\u00e9rminos espec\u00edficos relacionados con la tem\u00e1tica.<br \/>\n&#8211;\u00a0Se incluyen distintos recursos complementarios para poder profundizar en el contenido y actividades para ponerlo en pr\u00e1ctica.<br \/>\n&#8211;\u00a0Se incluyen preguntas de autoevaluaci\u00f3n que ayudar\u00e1n a aumentar la compresi\u00f3n del texto y facilitar su asimilaci\u00f3n.<\/p>\n","protected":false},"excerpt":{"rendered":"<p>Modalidad: On Line Duraci\u00f3n: 20 Horas Objetivos Exponer los principales conceptos, etapas y procesos integrados dentro de la gesti\u00f3n del cambio. &#8211; Conocer los principales conceptos, causas y etapas relacionados con el cambio. &#8211; Especificar las posibles resistencias ante el cambio y sus estrategias de&hellip;<\/p>\n","protected":false},"featured_media":2099,"comment_status":"closed","ping_status":"closed","template":"","meta":[],"product_cat":[49],"product_tag":[],"class_list":{"0":"post-1837","1":"product","2":"type-product","3":"status-publish","4":"has-post-thumbnail","6":"product_cat-administracion-y-gestion","8":"first","9":"instock","10":"sale","11":"taxable","12":"shipping-taxable","13":"purchasable","14":"product-type-simple"},"_links":{"self":[{"href":"https:\/\/tienda.gevalia.es\/index.php?rest_route=\/wp\/v2\/product\/1837","targetHints":{"allow":["GET"]}}],"collection":[{"href":"https:\/\/tienda.gevalia.es\/index.php?rest_route=\/wp\/v2\/product"}],"about":[{"href":"https:\/\/tienda.gevalia.es\/index.php?rest_route=\/wp\/v2\/types\/product"}],"replies":[{"embeddable":true,"href":"https:\/\/tienda.gevalia.es\/index.php?rest_route=%2Fwp%2Fv2%2Fcomments&post=1837"}],"wp:featuredmedia":[{"embeddable":true,"href":"https:\/\/tienda.gevalia.es\/index.php?rest_route=\/wp\/v2\/media\/2099"}],"wp:attachment":[{"href":"https:\/\/tienda.gevalia.es\/index.php?rest_route=%2Fwp%2Fv2%2Fmedia&parent=1837"}],"wp:term":[{"taxonomy":"product_cat","embeddable":true,"href":"https:\/\/tienda.gevalia.es\/index.php?rest_route=%2Fwp%2Fv2%2Fproduct_cat&post=1837"},{"taxonomy":"product_tag","embeddable":true,"href":"https:\/\/tienda.gevalia.es\/index.php?rest_route=%2Fwp%2Fv2%2Fproduct_tag&post=1837"}],"curies":[{"name":"wp","href":"https:\/\/api.w.org\/{rel}","templated":true}]}}