{"id":1902,"date":"2022-08-17T12:46:05","date_gmt":"2022-08-17T12:46:05","guid":{"rendered":"https:\/\/tienda.gevalia.es\/?post_type=product&#038;p=1902"},"modified":"2022-09-05T11:58:50","modified_gmt":"2022-09-05T11:58:50","slug":"basico-de-prevencion-de-riesgos-laborales-para-el-sector-peluqueria","status":"publish","type":"product","link":"https:\/\/tienda.gevalia.es\/?product=basico-de-prevencion-de-riesgos-laborales-para-el-sector-peluqueria","title":{"rendered":"B\u00e1sico de Prevenci\u00f3n de Riesgos Laborales para el Sector Peluquer\u00eda."},"content":{"rendered":"<p>Modalidad: On Line<br \/>\nDuraci\u00f3n: 30 Horas<\/p>\n<h3 class=\"fusion-responsive-typography-calculated\" data-fontsize=\"22\" data-lineheight=\"35.2px\">Objetivos<\/h3>\n<p>&#8211; Prever los riesgos en el trabajo y determinar acciones preventivas elementales y\/o de protecci\u00f3n a la salud minimizando factores de riesgo.<br \/>\n&#8211;\u00a0Establecer el marco conceptual y legislativo que rodea la prevenci\u00f3n de riesgos laborales.<br \/>\n&#8211;\u00a0Realizar evaluaciones elementales de riesgos y establecer medidas preventivas as\u00ed como participar en las acciones de emergencia y primeros auxilios.<br \/>\n&#8211;\u00a0Detectar los principales riesgos inherentes al puesto de trabajo y adoptar las medidas preventivas elementales.<br \/>\n&#8211;\u00a0Reconocer la forma de gestionar la prevenci\u00f3n de riesgos laborales en la empresa, los principios que integran la acci\u00f3n preventiva y la organizaci\u00f3n de la prevenci\u00f3n en la empresa, conociendo las diferentes instituciones y organismos, nacionales e internacionales, que intervienen en el \u00e1mbito de la prevenci\u00f3n de riesgos.<\/p>\n<h3 class=\"fusion-responsive-typography-calculated\" data-fontsize=\"22\" data-lineheight=\"35.2px\">Contenido Formativo<\/h3>\n<div><strong>Conceptos b\u00e1sicos sobre seguridad y salud en el trabajo<\/strong><\/div>\n<div>El trabajo y la salud: riesgos profesionales. Factores de riesgo<\/div>\n<div>Da\u00f1os derivados del trabajo. Los accidentes de trabajo y las enfermedades profesionales. Otras patolog\u00edas derivadas del trabajo<\/div>\n<div>\u00a0 \u00a0 \u00a0Accidentes de trabajo<\/div>\n<div>\u00a0 \u00a0 \u00a0Enfermedades profesionales<\/div>\n<div>\u00a0 \u00a0 \u00a0Otras patolog\u00edas derivadas del trabajo<\/div>\n<div>Marco normativo b\u00e1sico en materia de prevenci\u00f3n de riesgos laborales<\/div>\n<div>\u00a0 \u00a0 \u00a0Ley 31\/1995<\/div>\n<div>\u00a0 \u00a0 \u00a0Real Decreto 485\/1997<\/div>\n<div>\u00a0 \u00a0 \u00a0Real Decreto 486\/1997<\/div>\n<div>\u00a0 \u00a0 \u00a0Otras normas relacionadas con la prevenci\u00f3n de riesgos laborales<\/div>\n<div>Resumen.<\/div>\n<div><\/div>\n<div><strong>Riesgos generales y su prevenci\u00f3n<\/strong><\/div>\n<div>Riesgos ligados a las condiciones de seguridad<\/div>\n<div>\u00a0 \u00a0 \u00a0Riesgos ligados a los lugares de trabajo<\/div>\n<div>\u00a0 \u00a0 \u00a0Riesgos ligados a la utilizaci\u00f3n de m\u00e1quinas, equipos y herramientas<\/div>\n<div>\u00a0 \u00a0 \u00a0Riesgos ligados a las instalaciones<\/div>\n<div>Riesgos ligados al medio-ambiente de trabajo<\/div>\n<div>\u00a0 \u00a0 \u00a0La exposici\u00f3n laboral a agentes f\u00edsicos<\/div>\n<div>\u00a0 \u00a0 \u00a0La exposici\u00f3n laboral a agentes qu\u00edmicos<\/div>\n<div>\u00a0 \u00a0 \u00a0La exposici\u00f3n laboral a agentes biol\u00f3gicos<\/div>\n<div>La carga de trabajo, la fatiga y la insatisfacci\u00f3n laboral<\/div>\n<div>\u00a0 \u00a0 \u00a0Fatiga<\/div>\n<div>\u00a0 \u00a0 \u00a0Insatisfacci\u00f3n laboral<\/div>\n<div>Sistemas elementales de control de riesgos. Protecci\u00f3n colectiva e individual<\/div>\n<div>\u00a0 \u00a0 \u00a0Sistemas elementales de control de riesgos<\/div>\n<div>\u00a0 \u00a0 \u00a0Otros sistemas de control de riesgos: protecci\u00f3n colectiva y protecci\u00f3n individual<\/div>\n<div>Planes de emergencia y evacuaci\u00f3n<\/div>\n<div>\u00a0 \u00a0 \u00a0Plan de emergencia<\/div>\n<div>Plan de evacuaci\u00f3n<\/div>\n<div>Primeros auxilios<\/div>\n<div>Concepto<\/div>\n<div>Consejos generales de socorrismo<\/div>\n<div>Activaci\u00f3n del sistema de emergencias<\/div>\n<div>La formaci\u00f3n en socorrismo laboral<\/div>\n<div>La evaluaci\u00f3n primaria de un accidentado<\/div>\n<div>Emergencias m\u00e9dicas: T\u00e9cnica del soporte vital b\u00e1sico y hemorragias<\/div>\n<div>El control de la salud de los trabajadores<\/div>\n<div>Resumen<\/div>\n<div><\/div>\n<div><strong>Riesgos espec\u00edficos y su prevenci\u00f3n en el sector de peluquer\u00edas<\/strong><\/div>\n<div>La prevenci\u00f3n de riesgos laborales en las peluquer\u00edas<\/div>\n<div>Identificaci\u00f3n de riesgos y medidas preventivas<\/div>\n<div>\u00a0 \u00a0 \u00a0Evaluaci\u00f3n inicial de los riesgos<\/div>\n<div>\u00a0 \u00a0 \u00a0Riesgos, causas y medidas preventivas<\/div>\n<div>Resumen<\/div>\n<div><\/div>\n<div><strong>Elementos b\u00e1sicos de gesti\u00f3n de la prevenci\u00f3n de riesgos<\/strong><\/div>\n<div>La gesti\u00f3n de la prevenci\u00f3n de riesgos laborales en la empresa<\/div>\n<div>\u00a0 \u00a0 \u00a0Obligaciones espec\u00edficas del empresario<\/div>\n<div>El sistema de Prevenci\u00f3n de Riesgos Laborales<\/div>\n<div>\u00a0 \u00a0 \u00a0El Sistema de prevenci\u00f3n y el Plan de prevenci\u00f3n<\/div>\n<div>\u00a0 \u00a0 \u00a0Evaluaci\u00f3n de los riesgos<\/div>\n<div>\u00a0 \u00a0 \u00a0Planificaci\u00f3n de la prevenci\u00f3n y ejecuci\u00f3n de la actividad preventiva<\/div>\n<div>\u00a0 \u00a0 \u00a0Documentaci\u00f3n<\/div>\n<div>Modalidades de recursos humanos y materiales para el desarrollo de actividades preventivas<\/div>\n<div>\u00a0 \u00a0 \u00a0Asunci\u00f3n personal por el empresario de la actividad preventiva<\/div>\n<div>\u00a0 \u00a0 \u00a0Designaci\u00f3n de trabajadores para la actividad preventiva<\/div>\n<div>\u00a0 \u00a0 \u00a0Servicio de prevenci\u00f3n propio<\/div>\n<div>\u00a0 \u00a0 \u00a0Servicios de prevenci\u00f3n mancomunados<\/div>\n<div>\u00a0 \u00a0 \u00a0Servicio de prevenci\u00f3n ajeno<\/div>\n<div>\u00a0 \u00a0 \u00a0Presencia en el centro de trabajo de los recursos preventivos<\/div>\n<div>Organismos p\u00fablicos relacionados con la seguridad y salud en el trabajo<\/div>\n<div>\u00a0 \u00a0 \u00a0Instituciones y organismos internacionales<\/div>\n<div>\u00a0 \u00a0 \u00a0Organismos nacionales<\/div>\n<div>\u00a0 \u00a0 \u00a0Organismos de car\u00e1cter auton\u00f3mico<\/div>\n<div>Resumen<\/div>\n<div>\n<h3 class=\"fusion-responsive-typography-calculated\" data-fontsize=\"22\" data-lineheight=\"35.2px\">\u00bfA qui\u00e9n va dirigido?<\/h3>\n<p>A toda aquella persona que realiza sus labores en el sector peluquer\u00eda y desee recibir formaci\u00f3n e informaci\u00f3n sobre la forma correcta de actuar, teniendo muy en cuenta que debe ser formado e informado en materia preventiva.<\/p>\n<h3 class=\"fusion-responsive-typography-calculated\" data-fontsize=\"22\" data-lineheight=\"35.2px\">\u00bfPara qu\u00e9 te capacita?<\/h3>\n<p>&#8211; Para llevar a cabo las responsabilidades profesionales de nivel b\u00e1sico en prevenci\u00f3n de riesgos laborales, de acuerdo al Anexo IV del Reglamento de los servicios de prevenci\u00f3n aprobado por el Real Decreto 39\/1997, de 17 de enero.<br \/>\n&#8211;\u00a0Para que los trabajadores del sector peluquer\u00eda adquirieran los suficientes conocimientos en materia de Prevenci\u00f3n de Riesgos Laborales para posteriormente llevarlos a la pr\u00e1ctica. Poner en funcionamiento estos conocimientos conlleva la optimizaci\u00f3n de la organizaci\u00f3n del trabajo, gesti\u00f3n, h\u00e1bitos, etc.<\/p>\n<h3 class=\"fusion-responsive-typography-calculated\" data-fontsize=\"22\" data-lineheight=\"35.2px\">Otros datos de inter\u00e9s<\/h3>\n<p>&#8211; Para que los trabajadores del sector peluquer\u00eda sin conocimientos previos en prevenci\u00f3n adquieran una buena base en la materia.<br \/>\n&#8211; Para aquellos trabajadores del sector peluquer\u00eda que deseen reforzar sus conocimientos preventivos y profundizar en aspectos espec\u00edficos.<br \/>\n&#8211; El presente curso desarrolla, a trav\u00e9s sus unidades did\u00e1cticas, diversos aspectos relativos a la prevenci\u00f3n de riesgos laborales en el sector peluquer\u00eda, interesantes para los particulares y para las empresas.<\/p>\n<\/div>\n","protected":false},"excerpt":{"rendered":"<p>Modalidad: On Line Duraci\u00f3n: 30 Horas Objetivos &#8211; Prever los riesgos en el trabajo y determinar acciones preventivas elementales y\/o de protecci\u00f3n a la salud minimizando factores de riesgo. &#8211;\u00a0Establecer el marco conceptual y legislativo que rodea la prevenci\u00f3n de riesgos laborales. &#8211;\u00a0Realizar evaluaciones elementales&hellip;<\/p>\n","protected":false},"featured_media":2202,"comment_status":"closed","ping_status":"closed","template":"","meta":[],"product_cat":[54],"product_tag":[],"class_list":{"0":"post-1902","1":"product","2":"type-product","3":"status-publish","4":"has-post-thumbnail","6":"product_cat-formacion-complementaria","8":"first","9":"instock","10":"sale","11":"taxable","12":"shipping-taxable","13":"purchasable","14":"product-type-simple"},"_links":{"self":[{"href":"https:\/\/tienda.gevalia.es\/index.php?rest_route=\/wp\/v2\/product\/1902","targetHints":{"allow":["GET"]}}],"collection":[{"href":"https:\/\/tienda.gevalia.es\/index.php?rest_route=\/wp\/v2\/product"}],"about":[{"href":"https:\/\/tienda.gevalia.es\/index.php?rest_route=\/wp\/v2\/types\/product"}],"replies":[{"embeddable":true,"href":"https:\/\/tienda.gevalia.es\/index.php?rest_route=%2Fwp%2Fv2%2Fcomments&post=1902"}],"wp:featuredmedia":[{"embeddable":true,"href":"https:\/\/tienda.gevalia.es\/index.php?rest_route=\/wp\/v2\/media\/2202"}],"wp:attachment":[{"href":"https:\/\/tienda.gevalia.es\/index.php?rest_route=%2Fwp%2Fv2%2Fmedia&parent=1902"}],"wp:term":[{"taxonomy":"product_cat","embeddable":true,"href":"https:\/\/tienda.gevalia.es\/index.php?rest_route=%2Fwp%2Fv2%2Fproduct_cat&post=1902"},{"taxonomy":"product_tag","embeddable":true,"href":"https:\/\/tienda.gevalia.es\/index.php?rest_route=%2Fwp%2Fv2%2Fproduct_tag&post=1902"}],"curies":[{"name":"wp","href":"https:\/\/api.w.org\/{rel}","templated":true}]}}