{"id":1912,"date":"2022-08-17T12:46:15","date_gmt":"2022-08-17T12:46:15","guid":{"rendered":"https:\/\/tienda.gevalia.es\/?post_type=product&#038;p=1912"},"modified":"2022-09-15T13:32:46","modified_gmt":"2022-09-15T13:32:46","slug":"gestion-de-recursos-humanos","status":"publish","type":"product","link":"https:\/\/tienda.gevalia.es\/?product=gestion-de-recursos-humanos","title":{"rendered":"Gesti\u00f3n de Recursos Humanos."},"content":{"rendered":"<p>Modalidad: On Line<br \/>\nDuraci\u00f3n: 50 Horas<\/p>\n<h3 class=\"fusion-responsive-typography-calculated\" data-fontsize=\"22\" data-lineheight=\"35.2px\">Objetivos<\/h3>\n<p>&#8211; Adquirir los conocimientos necesarios para desarrollar las actividades relacionadas con la gesti\u00f3n y planificaci\u00f3n de los recursos humanos de una empresa.<\/p>\n<h3 class=\"fusion-responsive-typography-calculated\" data-fontsize=\"22\" data-lineheight=\"35.2px\">Contenido Formativo<\/h3>\n<p><strong>Introducci\u00f3n a la gesti\u00f3n de Recursos Humanos<\/strong><br \/>\nIntroducci\u00f3n.<br \/>\nEl departamento de Recursos Humanos.<br \/>\nPerfil del directivo de Recursos Humanos.<br \/>\nLa gesti\u00f3n de Recursos Humanos.<br \/>\nResumen.<\/p>\n<p><strong>Direcci\u00f3n estrat\u00e9gica de Recursos Humanos<\/strong><br \/>\nIntroducci\u00f3n.<br \/>\nAn\u00e1lisis del entorno y del medio interno de la empresa.<br \/>\nEstrategias.<\/p>\n<p>Resumen.<\/p>\n<p><strong>La planificaci\u00f3n de RRHH<\/strong><br \/>\nIntroducci\u00f3n.<br \/>\nConcepto de planificaci\u00f3n de RRHH.<br \/>\nObjetivos de la planificaci\u00f3n de RRHH.<br \/>\nLa planificaci\u00f3n de efectivos.<br \/>\nLa planificaci\u00f3n de carreras.<br \/>\nResumen.<\/p>\n<p><strong>An\u00e1lisis y descripci\u00f3n de puestos de trabajo<\/strong><br \/>\nIntroducci\u00f3n.<br \/>\nConcepto y objetivos.<br \/>\nProceso de an\u00e1lisis y descripci\u00f3n de puestos.<br \/>\nResumen.<\/p>\n<p><strong>Introducci\u00f3n a la selecci\u00f3n de personal<\/strong><br \/>\nIntroducci\u00f3n.<br \/>\nConsideraciones previas.<br \/>\nFases del proceso de selecci\u00f3n.<br \/>\nReclutamiento.<br \/>\nPreselecci\u00f3n.<br \/>\nResumen.<\/p>\n<p><strong>El proceso de selecci\u00f3n: t\u00e9cnicas selectivas y entrevista de selecci\u00f3n<\/strong><br \/>\nIntroducci\u00f3n.<br \/>\nAplicaci\u00f3n de pruebas o ex\u00e1menes.<br \/>\nLa entrevista de selecci\u00f3n.<br \/>\nEstructura de una entrevista de selecci\u00f3n.<br \/>\nResumen.<\/p>\n<p><strong>Finalizaci\u00f3n del proceso de selecci\u00f3n<\/strong><br \/>\nIntroducci\u00f3n.<br \/>\nIncorporaci\u00f3n y per\u00edodo de prueba.<br \/>\nIntegraci\u00f3n.<br \/>\nControl del proceso de selecci\u00f3n.<br \/>\nResumen.<\/p>\n<p><strong>La gesti\u00f3n por competencias y evaluaci\u00f3n del desempe\u00f1o<\/strong><br \/>\nIntroducci\u00f3n.<br \/>\nLa gesti\u00f3n por competencias.<br \/>\nLa evaluaci\u00f3n del desempe\u00f1o.<br \/>\nResumen.<\/p>\n<p><strong>Comunicaci\u00f3n interna y clima organizacional<\/strong><br \/>\nIntroducci\u00f3n.<br \/>\n\u00bfQu\u00e9 es la comunicaci\u00f3n?<br \/>\nLa comunicaci\u00f3n interna.<br \/>\nClima laboral.<br \/>\nResumen.<\/p>\n<p><strong>Motivaci\u00f3n laboral y liderazgo<\/strong><br \/>\nIntroducci\u00f3n.<br \/>\nLa motivaci\u00f3n laboral.<br \/>\nSatisfacci\u00f3n laboral.<br \/>\nLiderazgo.<br \/>\nResumen.<\/p>\n<h3 class=\"fusion-responsive-typography-calculated\" data-fontsize=\"22\" data-lineheight=\"35.2px\">\u00bfA qui\u00e9n va dirigido?<\/h3>\n<p>A directivos, integrantes del departamento de recursos humanos y personal del mando intermedio.<\/p>\n<h3 class=\"fusion-responsive-typography-calculated\" data-fontsize=\"22\" data-lineheight=\"35.2px\">\u00bfPara qu\u00e9 te capacita?<\/h3>\n<p>Para gestionar adecuadamente los recursos humanos de una organizaci\u00f3n, aprendiendo a planificar de forma adecuada seg\u00fan necesidades y objetivos de la empresa, adem\u00e1s de adquirir los conocimientos necesarios para la correcta realizaci\u00f3n de las diferentes funciones del departamento de recursos humanos, como son el an\u00e1lisis y descripci\u00f3n de puestos de trabajo, la selecci\u00f3n de personal y la gesti\u00f3n por competencias, entre otros.<\/p>\n<h3 class=\"fusion-responsive-typography-calculated\" data-fontsize=\"22\" data-lineheight=\"35.2px\">Otros datos de inter\u00e9s<\/h3>\n<p>&#8211; Para interesados sin conocimientos previos que deseen adquirir una buena base en materia de recursos humanos.<br \/>\n&#8211; Profesionales que deseen actualizar sus conocimientos.<br \/>\n&#8211; Para aprender a establecer un clima laboral positivo y de seguridad.<br \/>\n&#8211; Para aquellos directivos que a\u00fan no han sido formados en materia de personal y que es imprescindible que lo hagan para conseguir una direcci\u00f3n eficaz y un gran aumento en la motivaci\u00f3n y rendimiento de sus empleados.<br \/>\n&#8211; Para el personal de recursos humanos que necesita conocer y motivar a los dem\u00e1s empleados de la empresa.<\/p>\n","protected":false},"excerpt":{"rendered":"<p>Modalidad: On Line Duraci\u00f3n: 50 Horas Objetivos &#8211; Adquirir los conocimientos necesarios para desarrollar las actividades relacionadas con la gesti\u00f3n y planificaci\u00f3n de los recursos humanos de una empresa. Contenido Formativo Introducci\u00f3n a la gesti\u00f3n de Recursos Humanos Introducci\u00f3n. El departamento de Recursos Humanos. Perfil&hellip;<\/p>\n","protected":false},"featured_media":2206,"comment_status":"closed","ping_status":"closed","template":"","meta":[],"product_cat":[55],"product_tag":[],"class_list":{"0":"post-1912","1":"product","2":"type-product","3":"status-publish","4":"has-post-thumbnail","6":"product_cat-habilidades-directivas","8":"first","9":"instock","10":"sale","11":"taxable","12":"shipping-taxable","13":"purchasable","14":"product-type-simple"},"_links":{"self":[{"href":"https:\/\/tienda.gevalia.es\/index.php?rest_route=\/wp\/v2\/product\/1912","targetHints":{"allow":["GET"]}}],"collection":[{"href":"https:\/\/tienda.gevalia.es\/index.php?rest_route=\/wp\/v2\/product"}],"about":[{"href":"https:\/\/tienda.gevalia.es\/index.php?rest_route=\/wp\/v2\/types\/product"}],"replies":[{"embeddable":true,"href":"https:\/\/tienda.gevalia.es\/index.php?rest_route=%2Fwp%2Fv2%2Fcomments&post=1912"}],"wp:featuredmedia":[{"embeddable":true,"href":"https:\/\/tienda.gevalia.es\/index.php?rest_route=\/wp\/v2\/media\/2206"}],"wp:attachment":[{"href":"https:\/\/tienda.gevalia.es\/index.php?rest_route=%2Fwp%2Fv2%2Fmedia&parent=1912"}],"wp:term":[{"taxonomy":"product_cat","embeddable":true,"href":"https:\/\/tienda.gevalia.es\/index.php?rest_route=%2Fwp%2Fv2%2Fproduct_cat&post=1912"},{"taxonomy":"product_tag","embeddable":true,"href":"https:\/\/tienda.gevalia.es\/index.php?rest_route=%2Fwp%2Fv2%2Fproduct_tag&post=1912"}],"curies":[{"name":"wp","href":"https:\/\/api.w.org\/{rel}","templated":true}]}}