{"id":1913,"date":"2022-08-17T12:46:15","date_gmt":"2022-08-17T12:46:15","guid":{"rendered":"https:\/\/tienda.gevalia.es\/?post_type=product&#038;p=1913"},"modified":"2022-09-05T12:24:05","modified_gmt":"2022-09-05T12:24:05","slug":"la-inteligencia-emocional-y-su-trascendencia-en-la-organizacion-empresarial","status":"publish","type":"product","link":"https:\/\/tienda.gevalia.es\/?product=la-inteligencia-emocional-y-su-trascendencia-en-la-organizacion-empresarial","title":{"rendered":"La Inteligencia Emocional y su trascendencia en la organizaci\u00f3n empresarial."},"content":{"rendered":"<p>Modalidad: On Line<br \/>\nDuraci\u00f3n: 50 Horas<\/p>\n<h3 class=\"fusion-responsive-typography-calculated\" data-fontsize=\"22\" data-lineheight=\"35.2px\">Objetivos<\/h3>\n<p>&#8211; Adquirir una buena base en inteligencia emocional y conocer la importancia de su aplicaci\u00f3n en el \u00e1mbito laboral.<\/p>\n<h3 class=\"fusion-responsive-typography-calculated\" data-fontsize=\"22\" data-lineheight=\"35.2px\">Contenido Formativo<\/h3>\n<p><strong>Introducci\u00f3n a la inteligencia emocional<\/strong><br \/>\nIntroducci\u00f3n<br \/>\nLa inteligencia emocional<br \/>\nLas emociones<\/p>\n<p><strong>Componentes de la inteligencia emocional<\/strong><br \/>\nIntroducci\u00f3n<br \/>\nComponentes de la inteligencia emocional<br \/>\nEl coeficiente de inteligencia y la inteligencia emocional<\/p>\n<p><strong>Inteligencia emocional y empresa: conceptos relacionados<\/strong><br \/>\nIntroducci\u00f3n<br \/>\nMotivaci\u00f3n<br \/>\nComunicaci\u00f3n<br \/>\nLiderazgo<br \/>\nTrabajo en equipo<\/p>\n<p><strong>Influencia de la inteligencia emocional en el trabajo<\/strong><br \/>\nIntroducci\u00f3n<br \/>\nInteligencia emocional y trabajo<br \/>\nImportancia de la inteligencia emocional en las organizaciones<br \/>\nVentajas de la aplicaci\u00f3n de la inteligencia emocional en las empresas<br \/>\nConclusiones<br \/>\nDatos de inter\u00e9s<\/p>\n<p><strong>Inteligencia emocional y liderazgo<\/strong><br \/>\nIntroducci\u00f3n<br \/>\nConcepto de liderazgo<br \/>\nInteligencia emocional y liderazgo<\/p>\n<p><strong>Inteligencia emocional, trabajo directivo y equipos de trabajo<\/strong><br \/>\nIntroducci\u00f3n<br \/>\nEl trabajo directivo<br \/>\nInteligencia emocional en los equipos de trabajo<\/p>\n<p><strong>Inteligencia emocional y manejo de conflictos<\/strong><br \/>\nIntroducci\u00f3n<br \/>\nEl conflicto laboral<br \/>\nFormas de prevenir el conflicto en la organizaci\u00f3n<br \/>\nInteligencia emocional en el manejo de conflictos<\/p>\n<p><strong>Inteligencia emocional y manejo del estr\u00e9s<\/strong><br \/>\nIntroducci\u00f3n<br \/>\nEl estr\u00e9s laboral<br \/>\nT\u00e9cnicas de afrontamiento del estr\u00e9s<br \/>\nInfluencia de la inteligencia emocional en el manejo del estr\u00e9s<\/p>\n<p><strong>Inteligencia emocional y selecci\u00f3n de personal<\/strong><br \/>\nIntroducci\u00f3n<br \/>\nLa selecci\u00f3n de personal<br \/>\nLa selecci\u00f3n basada en inteligencia emocional<\/p>\n<h3 class=\"fusion-responsive-typography-calculated\" data-fontsize=\"22\" data-lineheight=\"35.2px\">\u00bfA qui\u00e9n va dirigido?<\/h3>\n<p>A todas aquellas personas que deseen adquirir una base en Inteligencia Emocional, en general, y a directivos y personal de la empresa, en particular.<\/p>\n<h3 class=\"fusion-responsive-typography-calculated\" data-fontsize=\"22\" data-lineheight=\"35.2px\">\u00bfPara qu\u00e9 te capacita?<\/h3>\n<p>Para el conocimiento y la aplicaci\u00f3n de las distintas competencias de la Inteligencia Emocional, \u00a0(competencias personales y sociales), tanto en el \u00e1mbito profesional-laboral como personal-afectivo. Conocer la diferencia entre el Coeficiente de Inteligencia y la Inteligencia Emocional. Comprender el significado de la importancia que supone la Inteligencia Emocional en las Organizaciones y c\u00f3mo a trav\u00e9s de ella es posible mejorar el rendimiento general.<\/p>\n<h3 class=\"fusion-responsive-typography-calculated\" data-fontsize=\"22\" data-lineheight=\"35.2px\">Otros datos de inter\u00e9s<\/h3>\n<p>&#8211; Para el personal de Recursos Humanos, que desee actualizar sus conocimientos en esta materia.<br \/>\n&#8211; Para interesados sin conocimientos previos que deseen adquirir una buena base en materia de Inteligencia Emocional.<br \/>\n&#8211; A lo largo de las unidades se va mostrando el gran valor que tiene el capital humano para las organizaciones y c\u00f3mo la Inteligencia Emocional puede aumentar el valor de dicho capital, aumentando con ello la motivaci\u00f3n, el rendimiento y, por tanto, la productividad.<br \/>\n&#8211; Las unidades del curso son ilustradas con ejemplos, cuadros o esquemas para as\u00ed facilitar la comprensi\u00f3n y asimilaci\u00f3n del contenido por parte del interesado.<\/p>\n<p>&nbsp;<\/p>\n","protected":false},"excerpt":{"rendered":"<p>Modalidad: On Line Duraci\u00f3n: 50 Horas Objetivos &#8211; Adquirir una buena base en inteligencia emocional y conocer la importancia de su aplicaci\u00f3n en el \u00e1mbito laboral. Contenido Formativo Introducci\u00f3n a la inteligencia emocional Introducci\u00f3n La inteligencia emocional Las emociones Componentes de la inteligencia emocional Introducci\u00f3n&hellip;<\/p>\n","protected":false},"featured_media":2212,"comment_status":"closed","ping_status":"closed","template":"","meta":[],"product_cat":[55],"product_tag":[],"class_list":{"0":"post-1913","1":"product","2":"type-product","3":"status-publish","4":"has-post-thumbnail","6":"product_cat-habilidades-directivas","8":"first","9":"instock","10":"sale","11":"taxable","12":"shipping-taxable","13":"purchasable","14":"product-type-simple"},"_links":{"self":[{"href":"https:\/\/tienda.gevalia.es\/index.php?rest_route=\/wp\/v2\/product\/1913","targetHints":{"allow":["GET"]}}],"collection":[{"href":"https:\/\/tienda.gevalia.es\/index.php?rest_route=\/wp\/v2\/product"}],"about":[{"href":"https:\/\/tienda.gevalia.es\/index.php?rest_route=\/wp\/v2\/types\/product"}],"replies":[{"embeddable":true,"href":"https:\/\/tienda.gevalia.es\/index.php?rest_route=%2Fwp%2Fv2%2Fcomments&post=1913"}],"wp:featuredmedia":[{"embeddable":true,"href":"https:\/\/tienda.gevalia.es\/index.php?rest_route=\/wp\/v2\/media\/2212"}],"wp:attachment":[{"href":"https:\/\/tienda.gevalia.es\/index.php?rest_route=%2Fwp%2Fv2%2Fmedia&parent=1913"}],"wp:term":[{"taxonomy":"product_cat","embeddable":true,"href":"https:\/\/tienda.gevalia.es\/index.php?rest_route=%2Fwp%2Fv2%2Fproduct_cat&post=1913"},{"taxonomy":"product_tag","embeddable":true,"href":"https:\/\/tienda.gevalia.es\/index.php?rest_route=%2Fwp%2Fv2%2Fproduct_tag&post=1913"}],"curies":[{"name":"wp","href":"https:\/\/api.w.org\/{rel}","templated":true}]}}