{"id":1934,"date":"2022-08-17T12:46:19","date_gmt":"2022-08-17T12:46:19","guid":{"rendered":"https:\/\/tienda.gevalia.es\/?post_type=product&#038;p=1934"},"modified":"2022-09-05T16:45:22","modified_gmt":"2022-09-05T16:45:22","slug":"experto-en-gestion-medioambiental","status":"publish","type":"product","link":"https:\/\/tienda.gevalia.es\/?product=experto-en-gestion-medioambiental","title":{"rendered":"Experto en gesti\u00f3n medioambiental."},"content":{"rendered":"<p>Modalidad: On Line<br \/>\nDuraci\u00f3n: 90 Horas<\/p>\n<h3 class=\"fusion-responsive-typography-calculated\" data-fontsize=\"22\" data-lineheight=\"35.2px\">Objetivos<\/h3>\n<p>&#8211; Adquirir y\/o actualizar conocimientos relacionados con la m\u00e1s avanzada gesti\u00f3n de los aspectos ambientales relacionados con el \u00e1mbito empresarial.<\/p>\n<h3 class=\"fusion-responsive-typography-calculated\" data-fontsize=\"22\" data-lineheight=\"35.2px\">Contenido Formativo<\/h3>\n<p><strong>Conceptos generales sobre el medio ambiente<\/strong><br \/>\nConcepto de medio ambiente.<br \/>\nComponentes del medio ambiente.<br \/>\nEl modelo de sistema de medio ambiente.<br \/>\nEcolog\u00eda y medio ambiente.<br \/>\nLos seres humanos y el medio ambiente.<br \/>\nLos recursos ambientales.<br \/>\nLos problemas ambientales.<\/p>\n<p><strong>Regulaci\u00f3n jur\u00eddica del medio ambiente<\/strong><br \/>\nEl Derecho Ambiental.<br \/>\nEl Derecho Internacional del Medio Ambiente.<br \/>\nEl Derecho ambiental en la Uni\u00f3n Europea.<br \/>\nEl Derecho ambiental en Espa\u00f1a.<br \/>\nLa Responsabilidad ambiental y el delito ecol\u00f3gico.<br \/>\nEl derecho de acceso a la informaci\u00f3n ambiental.<br \/>\nLa participaci\u00f3n p\u00fablica en la pol\u00edtica ambiental.<\/p>\n<p><strong>Contaminaci\u00f3n del medio acu\u00e1tico<\/strong><br \/>\nCaracter\u00edsticas generales del agua.<br \/>\nLa calidad del agua.<br \/>\nSistemas de tratamiento y depuraci\u00f3n de las aguas.<br \/>\nLa contaminaci\u00f3n del agua.<br \/>\nObligaciones legales para los vertidos.<br \/>\nLegislaci\u00f3n aplicable al medio acu\u00e1tico.<\/p>\n<p><strong>El aire y su contaminaci\u00f3n<\/strong><br \/>\nDescripci\u00f3n del aire y de la atm\u00f3sfera.<br \/>\nContaminantes atmosf\u00e9ricos y sus fuentes de contaminaci\u00f3n.<br \/>\nEfectos de la contaminaci\u00f3n atmosf\u00e9rica.<br \/>\nInstrumentos para el tratamiento de la contaminaci\u00f3n atmosf\u00e9rica.<br \/>\nCalidad del aire y protecci\u00f3n de la atm\u00f3sfera.<\/p>\n<p><strong>Contaminaci\u00f3n ac\u00fastica<\/strong><br \/>\nEl sonido.<br \/>\nEl ruido.<br \/>\nInstrumentos para la medida del sonido.<br \/>\nEvaluaci\u00f3n del ruido.<br \/>\nEfectos producidos por la contaminaci\u00f3n ac\u00fastica.<br \/>\nMedidas de protecci\u00f3n frente el ruido.<br \/>\nLegislaci\u00f3n sobre el ruido.<\/p>\n<p><strong>Contaminaci\u00f3n de suelos<\/strong><br \/>\nConcepto y formaci\u00f3n del suelo.<br \/>\nClasificaci\u00f3n de los suelos.<br \/>\nLa degradaci\u00f3n del suelo.<br \/>\nDescontaminaci\u00f3n de suelos.<br \/>\nLegislaci\u00f3n aplicable a la contaminaci\u00f3n de suelos.<\/p>\n<p><strong>La gesti\u00f3n de residuos<\/strong><br \/>\nResiduos: Concepto y Tipolog\u00eda.<br \/>\nEl problema de los residuos.<br \/>\nNormativa aplicable a la gesti\u00f3n de los residuos.<br \/>\nLa gesti\u00f3n de residuos.<br \/>\nLa gesti\u00f3n de residuos industriales.<br \/>\nLa minimizaci\u00f3n de los residuos.<\/p>\n<p><strong>T\u00e9cnicas de gesti\u00f3n ambiental (I)<\/strong><br \/>\nSistemas de Gesti\u00f3n Ambiental.<br \/>\nAn\u00e1lisis del Ciclo de Vida.<br \/>\nEtiquetado ecol\u00f3gico.<br \/>\nMarketing ecol\u00f3gico.<br \/>\nEvaluaci\u00f3n Ambiental.<br \/>\nPrevenci\u00f3n y control integrado de la contaminaci\u00f3n.<br \/>\nDesarrollo sostenible y Agenda 21.<\/p>\n<p><strong>T\u00e9cnicas de gesti\u00f3n ambiental (II)<\/strong><br \/>\nRed Natura 2000.<br \/>\nEspacios naturales protegidos.<br \/>\nEnerg\u00edas renovables.<\/p>\n<p><strong>Auditor\u00edas ambientales<\/strong><br \/>\nGeneralidades sobre la Auditor\u00eda.<br \/>\nMetodolog\u00eda de realizaci\u00f3n de la Auditor\u00eda Ambiental.<br \/>\nEl auditor ambiental.<\/p>\n<p><strong>El medio ambiente en la gesti\u00f3n empresarial<\/strong><br \/>\nEl entorno ambiental en la empresa.<br \/>\nIntroducci\u00f3n del factor ambiental en el entorno empresarial.<br \/>\nLa estrategia ambiental de la empresa.<br \/>\nEmpresa y desarrollo sostenible.<br \/>\nImpacto ambiental de las empresas.<\/p>\n<h3 class=\"fusion-responsive-typography-calculated\" data-fontsize=\"22\" data-lineheight=\"35.2px\">\u00bfA qui\u00e9n va dirigido?<\/h3>\n<p>A empresas y profesionales del sector que deseen renovar o revisar sus conocimientos, as\u00ed como a cualquier persona interesada en adquirir o ampliar conocimientos relacionados con el medio ambiente.<\/p>\n<h3 class=\"fusion-responsive-typography-calculated\" data-fontsize=\"22\" data-lineheight=\"35.2px\">\u00bfPara qu\u00e9 te capacita?<\/h3>\n<p>Para elaborar planes de gesti\u00f3n ambiental y proponer soluciones a los diferentes problemas que puedan surgir en las empresas en la gesti\u00f3n de dichos aspectos ambientales.<\/p>\n<h3 class=\"fusion-responsive-typography-calculated\" data-fontsize=\"22\" data-lineheight=\"35.2px\">Otros datos de inter\u00e9s<\/h3>\n<p>&#8211; Es un curso de aplicaci\u00f3n tanto para personas que quieran iniciarse en la materia ambiental como para aquellos que, aunque ya posean conocimientos, deseen profundizar m\u00e1s en dichos conocimientos.<br \/>\n&#8211; Este curso ha sido elaborado atendiendo a las \u00faltimas modificaciones de la normativa ambiental.<br \/>\n&#8211; Es de gran utilidad para\u00a0 los profesionales encargados de llevar a cabo la gesti\u00f3n ambiental de las empresas, independientemente del sector al que se dediquen, ya que en el manual se desarrolla cada uno de los aspectos que deben tratarse en cualquier modelo de gesti\u00f3n ambiental.<br \/>\n&#8211; Explica cada uno de los principales aspectos ambientales individualmente, pero desde la perspectiva global que exige la gesti\u00f3n ambiental.<\/p>\n","protected":false},"excerpt":{"rendered":"<p>Modalidad: On Line Duraci\u00f3n: 90 Horas Objetivos &#8211; Adquirir y\/o actualizar conocimientos relacionados con la m\u00e1s avanzada gesti\u00f3n de los aspectos ambientales relacionados con el \u00e1mbito empresarial. Contenido Formativo Conceptos generales sobre el medio ambiente Concepto de medio ambiente. Componentes del medio ambiente. El modelo&hellip;<\/p>\n","protected":false},"featured_media":2227,"comment_status":"closed","ping_status":"closed","template":"","meta":[],"product_cat":[58],"product_tag":[],"class_list":{"0":"post-1934","1":"product","2":"type-product","3":"status-publish","4":"has-post-thumbnail","6":"product_cat-medio-ambiente","8":"first","9":"instock","10":"sale","11":"taxable","12":"shipping-taxable","13":"purchasable","14":"product-type-simple"},"_links":{"self":[{"href":"https:\/\/tienda.gevalia.es\/index.php?rest_route=\/wp\/v2\/product\/1934","targetHints":{"allow":["GET"]}}],"collection":[{"href":"https:\/\/tienda.gevalia.es\/index.php?rest_route=\/wp\/v2\/product"}],"about":[{"href":"https:\/\/tienda.gevalia.es\/index.php?rest_route=\/wp\/v2\/types\/product"}],"replies":[{"embeddable":true,"href":"https:\/\/tienda.gevalia.es\/index.php?rest_route=%2Fwp%2Fv2%2Fcomments&post=1934"}],"wp:featuredmedia":[{"embeddable":true,"href":"https:\/\/tienda.gevalia.es\/index.php?rest_route=\/wp\/v2\/media\/2227"}],"wp:attachment":[{"href":"https:\/\/tienda.gevalia.es\/index.php?rest_route=%2Fwp%2Fv2%2Fmedia&parent=1934"}],"wp:term":[{"taxonomy":"product_cat","embeddable":true,"href":"https:\/\/tienda.gevalia.es\/index.php?rest_route=%2Fwp%2Fv2%2Fproduct_cat&post=1934"},{"taxonomy":"product_tag","embeddable":true,"href":"https:\/\/tienda.gevalia.es\/index.php?rest_route=%2Fwp%2Fv2%2Fproduct_tag&post=1934"}],"curies":[{"name":"wp","href":"https:\/\/api.w.org\/{rel}","templated":true}]}}