{"id":1944,"date":"2022-08-17T12:46:26","date_gmt":"2022-08-17T12:46:26","guid":{"rendered":"https:\/\/tienda.gevalia.es\/?post_type=product&#038;p=1944"},"modified":"2022-09-05T18:10:28","modified_gmt":"2022-09-05T18:10:28","slug":"gestion-de-la-prl-en-pymes-y-micropymes","status":"publish","type":"product","link":"https:\/\/tienda.gevalia.es\/?product=gestion-de-la-prl-en-pymes-y-micropymes","title":{"rendered":"Gesti\u00f3n de la PRL en PYMES y MICROPYMES."},"content":{"rendered":"<p>Modalidad: On Line<br \/>\nDuraci\u00f3n: 30 Horas<\/p>\n<h3 class=\"fusion-responsive-typography-calculated\" data-fontsize=\"22\" data-lineheight=\"35.2px\">Objetivos<\/h3>\n<p>Gestionar eficazmente la Prevenci\u00f3n de Riesgos Laborales en una peque\u00f1a o mediana empresa.<br \/>\n&#8211; Describir el escenario actual en relaci\u00f3n a la seguridad y salud laboral, identificando los diferentes \u00f3rganos de representaci\u00f3n y participaci\u00f3n y las opciones para la gesti\u00f3n de la prevenci\u00f3n en la empresa.<br \/>\n&#8211; Elaborar el Plan de prevenci\u00f3n de riesgos laborales, organizando el trabajo preventivo de la empresa.<br \/>\n&#8211; Conocer el marco normativo aplicable a la Prevenci\u00f3n de Riesgos Laborales en pymes y micropymes, identificando el objeto de la diferente legislaci\u00f3n, los derechos, obligaciones y responsabilidades de empresa y trabajadores, as\u00ed como los organismos p\u00fablicos en materia de prevenci\u00f3n.<\/p>\n<h3 class=\"fusion-responsive-typography-calculated\" data-fontsize=\"22\" data-lineheight=\"35.2px\">Contenido Formativo<\/h3>\n<p><strong>Escenario actual y conceptos b\u00e1sicos de seguridad y salud laboral. Organizaci\u00f3n preventiva y representaci\u00f3n y participaci\u00f3n de los trabajadores<\/strong><br \/>\nEscenario actual<br \/>\nCoste de los accidentes laborales<br \/>\nConceptos b\u00e1sicos en materia de prevenci\u00f3n<br \/>\nSeguridad y salud laboral<br \/>\n\u00d3rganos de representaci\u00f3n y participaci\u00f3n<br \/>\nDelegados de Prevenci\u00f3n<br \/>\nComit\u00e9 de Seguridad y Salud<br \/>\nOpciones para la gesti\u00f3n de la prevenci\u00f3n<br \/>\nAutogesti\u00f3n de la prevenci\u00f3n<br \/>\nServicio de prevenci\u00f3n ajeno<br \/>\nServicio de prevenci\u00f3n propio<\/p>\n<p><strong>El plan de prevenci\u00f3n de riesgos laborales. Organizaci\u00f3n del trabajo preventivo<\/strong><br \/>\nMetodolog\u00eda<br \/>\nEvaluaci\u00f3n de riesgos<br \/>\nPlanificaci\u00f3n de la prevenci\u00f3n<br \/>\nEl plan de prevenci\u00f3n<br \/>\nLa investigaci\u00f3n de accidentes<br \/>\nMetodolog\u00eda<br \/>\nEl \u00e1rbol de causas<br \/>\nT\u00e9cnicas estad\u00edsticas<\/p>\n<p><strong>Marco normativo. Derechos y obligaciones. Vigilancia de la salud. La inspecci\u00f3n de trabajo. Organismos p\u00fablicos<\/strong><br \/>\nMarco normativo<br \/>\nLey 31\/1995, de 8 de noviembre, de Prevenci\u00f3n de Riesgos Laborales<br \/>\nReal Decreto 39\/1997, de 17 de enero, por el que se aprueba el Reglamento de los Servicios de Prevenci\u00f3n<br \/>\nReal Decreto 485\/1997, de 14 de abril, sobre disposiciones m\u00ednimas en materia de se\u00f1alizaci\u00f3n de seguridad y salud en el trabajo<br \/>\nReal Decreto 486\/1997, de 14 de abril, por el que se establecen las disposiciones m\u00ednimas de seguridad y salud en los lugares de trabajo<br \/>\nOtras normas<br \/>\nDerechos, obligaciones y responsabilidades<br \/>\nVigilancia de la salud<br \/>\nLa Inspecci\u00f3n de Trabajo y Seguridad Social (ITSS)<br \/>\nOrganismos p\u00fablicos relacionados con la prevenci\u00f3n<br \/>\nOrganismos nacionales<br \/>\nOrganismos internacionales<\/p>\n<h3 class=\"fusion-responsive-typography-calculated\" data-fontsize=\"22\" data-lineheight=\"35.2px\">\u00bfA qui\u00e9n va dirigido?<\/h3>\n<p>A empresarios y\/o trabajadores que tengan la intenci\u00f3n de gestionar la prevenci\u00f3n de su empresa.<\/p>\n<h3 class=\"fusion-responsive-typography-calculated\" data-fontsize=\"22\" data-lineheight=\"35.2px\">\u00bfPara qu\u00e9 te capacita?<\/h3>\n<p>Para conocer e interpretar distinta informaci\u00f3n relativa a la gesti\u00f3n de la prevenci\u00f3n de pymes y micropymes.<\/p>\n<h3 class=\"fusion-responsive-typography-calculated\" data-fontsize=\"22\" data-lineheight=\"35.2px\">Otros datos de inter\u00e9s<\/h3>\n<p>&#8211; Formar a futuros trabajadores que, sin conocimientos previos, deseen adquirir una buena base para conocer c\u00f3mo puede gestionarse la prevenci\u00f3n de una empresa.<br \/>\n&#8211; Actualizar los conocimientos de aquellos profesionales que lo deseen.<\/p>\n","protected":false},"excerpt":{"rendered":"<p>Modalidad: On Line Duraci\u00f3n: 30 Horas Objetivos Gestionar eficazmente la Prevenci\u00f3n de Riesgos Laborales en una peque\u00f1a o mediana empresa. &#8211; Describir el escenario actual en relaci\u00f3n a la seguridad y salud laboral, identificando los diferentes \u00f3rganos de representaci\u00f3n y participaci\u00f3n y las opciones para&hellip;<\/p>\n","protected":false},"featured_media":2231,"comment_status":"closed","ping_status":"closed","template":"","meta":[],"product_cat":[60],"product_tag":[],"class_list":{"0":"post-1944","1":"product","2":"type-product","3":"status-publish","4":"has-post-thumbnail","6":"product_cat-seguridad","8":"first","9":"instock","10":"sale","11":"taxable","12":"shipping-taxable","13":"purchasable","14":"product-type-simple"},"_links":{"self":[{"href":"https:\/\/tienda.gevalia.es\/index.php?rest_route=\/wp\/v2\/product\/1944","targetHints":{"allow":["GET"]}}],"collection":[{"href":"https:\/\/tienda.gevalia.es\/index.php?rest_route=\/wp\/v2\/product"}],"about":[{"href":"https:\/\/tienda.gevalia.es\/index.php?rest_route=\/wp\/v2\/types\/product"}],"replies":[{"embeddable":true,"href":"https:\/\/tienda.gevalia.es\/index.php?rest_route=%2Fwp%2Fv2%2Fcomments&post=1944"}],"wp:featuredmedia":[{"embeddable":true,"href":"https:\/\/tienda.gevalia.es\/index.php?rest_route=\/wp\/v2\/media\/2231"}],"wp:attachment":[{"href":"https:\/\/tienda.gevalia.es\/index.php?rest_route=%2Fwp%2Fv2%2Fmedia&parent=1944"}],"wp:term":[{"taxonomy":"product_cat","embeddable":true,"href":"https:\/\/tienda.gevalia.es\/index.php?rest_route=%2Fwp%2Fv2%2Fproduct_cat&post=1944"},{"taxonomy":"product_tag","embeddable":true,"href":"https:\/\/tienda.gevalia.es\/index.php?rest_route=%2Fwp%2Fv2%2Fproduct_tag&post=1944"}],"curies":[{"name":"wp","href":"https:\/\/api.w.org\/{rel}","templated":true}]}}