{"id":1972,"date":"2022-08-17T12:46:36","date_gmt":"2022-08-17T12:46:36","guid":{"rendered":"https:\/\/tienda.gevalia.es\/?post_type=product&#038;p=1972"},"modified":"2022-09-09T13:12:45","modified_gmt":"2022-09-09T13:12:45","slug":"evaluacion-de-la-formacion","status":"publish","type":"product","link":"https:\/\/tienda.gevalia.es\/?product=evaluacion-de-la-formacion","title":{"rendered":"Evaluaci\u00f3n de la formaci\u00f3n."},"content":{"rendered":"<p>Modalidad: On Line<br \/>\nDuraci\u00f3n: 40 Horas<\/p>\n<h3 class=\"fusion-responsive-typography-calculated\" data-fontsize=\"22\" data-lineheight=\"35.2px\">Objetivos<\/h3>\n<p>Realizar la evaluaci\u00f3n del proceso formativo en su dise\u00f1o, equipamiento y resultados, estableciendo los par\u00e1metros a evaluar y las t\u00e9cnicas de evaluaci\u00f3n.<\/p>\n<h3 class=\"fusion-responsive-typography-calculated\" data-fontsize=\"22\" data-lineheight=\"35.2px\">Contenido Formativo<\/h3>\n<p><strong>Marco conceptual de la evaluaci\u00f3n de la formaci\u00f3n<\/strong><br \/>\nLa perspectiva cl\u00e1sica de la evaluaci\u00f3n<br \/>\nDefinamos la evaluaci\u00f3n<br \/>\nNuevo enfoque de la evaluaci\u00f3n<br \/>\nLa evaluaci\u00f3n participativa<br \/>\nFinalidad de la evaluaci\u00f3n como proceso integrado en el ciclo formativo<br \/>\nFinalidad de la evaluaci\u00f3n seg\u00fan niveles de responsabilidad en la formaci\u00f3n<br \/>\nEvaluar para controlar o para perfeccionar<br \/>\nLa evaluaci\u00f3n de naturaleza formativa y pedag\u00f3gica<br \/>\nLa evaluaci\u00f3n como control<br \/>\nEl juicio de valor<br \/>\nLos criterios de evaluaci\u00f3n<br \/>\nLos est\u00e1ndares<br \/>\nLa evaluaci\u00f3n absoluta, relativa y de progreso<br \/>\nEvaluaci\u00f3n interna y evaluaci\u00f3n externa<br \/>\nEnumerar los recursos necesarios para la implementaci\u00f3n de un proceso de evaluaci\u00f3n establecido<br \/>\nEstablecer los criterios de evaluaci\u00f3n de un programa<\/p>\n<p><strong>El proceso de evaluaci\u00f3n \u00bfdebemos evaluar todo lo que hacemos?<\/strong><br \/>\nComponentes del proceso de evaluaci\u00f3n<br \/>\nDelimitar la finalidad y el alcance de la evaluaci\u00f3n<br \/>\nPlanificaci\u00f3n de la evaluaci\u00f3n<br \/>\nRecogida, an\u00e1lisis e interpretaci\u00f3n de los datos<br \/>\nElaboraci\u00f3n del informe final y difusi\u00f3n de resultados<br \/>\nLa validez de las evaluaciones<br \/>\nDebate y an\u00e1lisis sobre los componentes del proceso de evaluaci\u00f3n, su finalidad e instrumentaci\u00f3n<br \/>\nRedactar informes de evaluaci\u00f3n<\/p>\n<p><strong>Evaluaci\u00f3n del dise\u00f1o de la formaci\u00f3n<\/strong><br \/>\nCriterios e indicadores de evaluaci\u00f3n<br \/>\nEvaluaci\u00f3n de la fundamentaci\u00f3n y dise\u00f1o de la pol\u00edtica y planes de formaci\u00f3n<br \/>\nEvaluaci\u00f3n de la planificaci\u00f3n de programas de formaci\u00f3n<br \/>\nPar\u00e1metros criteriales e indicadores de evaluaci\u00f3n<br \/>\nValoraci\u00f3n de objetivos y valoraci\u00f3n del proceso de selecci\u00f3n y agrupaci\u00f3n de participantes<br \/>\nValoraci\u00f3n de la metodolog\u00eda y t\u00e9cnicas de ense\u00f1anza<br \/>\nValoraci\u00f3n de la documentaci\u00f3n escrita de apoyo<br \/>\nValoraci\u00f3n del sistema de seguimiento y evaluaci\u00f3n del programa<\/p>\n<p><strong>Evaluaci\u00f3n de docentes y monitores<\/strong><br \/>\nFinalidad formativa de la evaluaci\u00f3n del profesorado<br \/>\nAutoan\u00e1lisis de las destrezas docentes<br \/>\nEvaluaci\u00f3n sumativa del profesorado<br \/>\nCu\u00e1ndo, qui\u00e9n y c\u00f3mo evaluar el dise\u00f1o de un programa<br \/>\nEl informe del profesorado<br \/>\nSesi\u00f3n de evaluaci\u00f3n con los participantes<br \/>\nSesi\u00f3n de revisi\u00f3n de programas establecidos<br \/>\nLos cuestionarios individuales de evaluaci\u00f3n<br \/>\nListar los indicadores del proceso de evaluaci\u00f3n que deber\u00e1n ser evaluados por el formador y la manera de hacerlo<br \/>\nValorar la pertinencia, adecuaci\u00f3n y suficiencia de los elementos del dise\u00f1o o programaci\u00f3n de un curso<\/p>\n<p><strong>Evaluaci\u00f3n del seguimiento de la formaci\u00f3n finalidades de la evaluaci\u00f3n de la implementaci\u00f3n y seguimiento de la formaci\u00f3n<\/strong><br \/>\nEvaluaci\u00f3n de la implementaci\u00f3n y optimizaci\u00f3n de procesos<br \/>\nFases de la evaluaci\u00f3n de procesos<br \/>\nCu\u00e1ndo, c\u00f3mo y qui\u00e9n debe realizar la evaluaci\u00f3n de la optimizaci\u00f3n de procesos<br \/>\nMonitorizaci\u00f3n y seguimiento de planes de formaci\u00f3n<br \/>\nValoraci\u00f3n de la cobertura de formaci\u00f3n<br \/>\nValoraci\u00f3n de los esfuerzos y funcionamiento<br \/>\nValoraci\u00f3n de la productividad<br \/>\nValoraci\u00f3n financiera<br \/>\nDebate y an\u00e1lisis sobre la evaluaci\u00f3n de la implementaci\u00f3n y funcionamiento de la formaci\u00f3n, las distintas finalidades y procedimientos de la evaluaci\u00f3n y c\u00f3mo perfeccionarlos<\/p>\n<p><strong>La evaluaci\u00f3n de resultados valoraci\u00f3n de la evaluabilidad \u00bfes posible la evaluaci\u00f3n de resultados?<\/strong><br \/>\nNiveles de resultados<br \/>\nAn\u00e1lisis de la eficacia de la formaci\u00f3n<br \/>\nEvaluaci\u00f3n de los aprendizajes<br \/>\nEvaluaci\u00f3n de los objetivos de aprendizajes<br \/>\nFinalidades de la evaluaci\u00f3n de los aprendizajes<br \/>\nNiveles referenciales para valorar los aprendizajes<br \/>\nEvaluaci\u00f3n criterial y evaluaci\u00f3n normativa<br \/>\nLos procedimientos y t\u00e9cnicas en la evaluaci\u00f3n de los aprendizajes<br \/>\nLos actores en la evaluaci\u00f3n de los aprendizajes<br \/>\nLa autoevaluaci\u00f3n de los participantes<br \/>\nAn\u00e1lisis de la efectividad de la formaci\u00f3n<br \/>\nEvaluaci\u00f3n en el puesto de trabajo<br \/>\nFinalidad y objeto de la evaluaci\u00f3n en la transferencia de los aprendizajes<br \/>\nProcedimientos y t\u00e9cnicas de evaluaci\u00f3n en la transferencia de los aprendizajes<br \/>\nLos actores en la evaluaci\u00f3n de la efectividad de la formaci\u00f3n<br \/>\nEvaluaci\u00f3n del impacto<br \/>\nLos efectos de la formaci\u00f3n en la organizaci\u00f3n<br \/>\nAn\u00e1lisis de la rentabilidad de la formaci\u00f3n<br \/>\nLa validez de la relaci\u00f3n causa-efecto en formaci\u00f3n<br \/>\nLa investigaci\u00f3n evaluativa<br \/>\nValorar los resultados de la evaluaci\u00f3n de la formaci\u00f3n<br \/>\nValorar los resultados de la inversi\u00f3n en formaci\u00f3n<\/p>\n<p><strong>Unidad &#8211; las t\u00e9cnicas de evaluaci\u00f3n<\/strong><br \/>\nElaboraci\u00f3n de pruebas de aprendizaje<br \/>\nElaboraci\u00f3n de pruebas objetivas<br \/>\nLas pruebas de elaboraci\u00f3n de respuestas o de ensayo<br \/>\nElaboraci\u00f3n de pruebas de ejecuci\u00f3n o situacionales<br \/>\nLas t\u00e9cnicas de observaci\u00f3n<br \/>\nSistemas de registro de observaciones<br \/>\nPlanificaci\u00f3n de la observaci\u00f3n<br \/>\nLas fuentes de error en la observaci\u00f3n<br \/>\nLas escalas de actitudes<br \/>\nEscala tipo Likert<br \/>\nDiferencial sem\u00e1ntico de Osgood<br \/>\nEl cuestionario<br \/>\nProceso de elaboraci\u00f3n de un cuestionario<br \/>\nTipolog\u00eda de preguntas<br \/>\nEl grupo de discusi\u00f3n<br \/>\nCaracter\u00edsticas de los grupos de discusi\u00f3n<br \/>\nPlanificaci\u00f3n de los grupos de discusi\u00f3n<br \/>\nEl an\u00e1lisis de contenido<br \/>\nDebate y an\u00e1lisis de algunas t\u00e9cnicas de evaluaci\u00f3n<br \/>\nCreaci\u00f3n por parte del grupo de trabajo de un cuestionario, definici\u00f3n de la tipolog\u00eda de preguntas a desarrollar y discusi\u00f3n grupal<\/p>\n","protected":false},"excerpt":{"rendered":"<p>Modalidad: On Line Duraci\u00f3n: 40 Horas Objetivos Realizar la evaluaci\u00f3n del proceso formativo en su dise\u00f1o, equipamiento y resultados, estableciendo los par\u00e1metros a evaluar y las t\u00e9cnicas de evaluaci\u00f3n. Contenido Formativo Marco conceptual de la evaluaci\u00f3n de la formaci\u00f3n La perspectiva cl\u00e1sica de la evaluaci\u00f3n&hellip;<\/p>\n","protected":false},"featured_media":2247,"comment_status":"closed","ping_status":"closed","template":"","meta":[],"product_cat":[61],"product_tag":[],"class_list":{"0":"post-1972","1":"product","2":"type-product","3":"status-publish","4":"has-post-thumbnail","6":"product_cat-servicios-socioculturales-y-la-comunidad","8":"first","9":"instock","10":"sale","11":"taxable","12":"shipping-taxable","13":"purchasable","14":"product-type-simple"},"_links":{"self":[{"href":"https:\/\/tienda.gevalia.es\/index.php?rest_route=\/wp\/v2\/product\/1972","targetHints":{"allow":["GET"]}}],"collection":[{"href":"https:\/\/tienda.gevalia.es\/index.php?rest_route=\/wp\/v2\/product"}],"about":[{"href":"https:\/\/tienda.gevalia.es\/index.php?rest_route=\/wp\/v2\/types\/product"}],"replies":[{"embeddable":true,"href":"https:\/\/tienda.gevalia.es\/index.php?rest_route=%2Fwp%2Fv2%2Fcomments&post=1972"}],"wp:featuredmedia":[{"embeddable":true,"href":"https:\/\/tienda.gevalia.es\/index.php?rest_route=\/wp\/v2\/media\/2247"}],"wp:attachment":[{"href":"https:\/\/tienda.gevalia.es\/index.php?rest_route=%2Fwp%2Fv2%2Fmedia&parent=1972"}],"wp:term":[{"taxonomy":"product_cat","embeddable":true,"href":"https:\/\/tienda.gevalia.es\/index.php?rest_route=%2Fwp%2Fv2%2Fproduct_cat&post=1972"},{"taxonomy":"product_tag","embeddable":true,"href":"https:\/\/tienda.gevalia.es\/index.php?rest_route=%2Fwp%2Fv2%2Fproduct_tag&post=1972"}],"curies":[{"name":"wp","href":"https:\/\/api.w.org\/{rel}","templated":true}]}}