{"id":1974,"date":"2022-08-17T12:46:37","date_gmt":"2022-08-17T12:46:37","guid":{"rendered":"https:\/\/tienda.gevalia.es\/?post_type=product&#038;p=1974"},"modified":"2022-09-09T13:30:46","modified_gmt":"2022-09-09T13:30:46","slug":"formacion-de-formadores-en-e-learning","status":"publish","type":"product","link":"https:\/\/tienda.gevalia.es\/?product=formacion-de-formadores-en-e-learning","title":{"rendered":"Formaci\u00f3n de formadores en e-learning."},"content":{"rendered":"<p>Modalidad: On Line<br \/>\nDuraci\u00f3n: 120 Horas<\/p>\n<h3 class=\"fusion-responsive-typography-calculated\" data-fontsize=\"22\" data-lineheight=\"35.2px\">Objetivos<\/h3>\n<p>&#8211; Aplicar los recursos que ofrece la red como medio para favorecer el aprendizaje en la formaci\u00f3n\u00a0<em>e-learning.<br \/>\n&#8211;\u00a0<\/em>Diferenciar la Formaci\u00f3n Profesional del sistema educativo de la formaci\u00f3n profesional para el empleo.<br \/>\n&#8211;\u00a0Conocer la evoluci\u00f3n de la educaci\u00f3n de adultos en Espa\u00f1a.<br \/>\n&#8211;\u00a0Identificar las plataformas virtuales de formaci\u00f3n m\u00e1s aceptadas y utilizadas.<br \/>\n&#8211;\u00a0Conocer los aspectos fundamentales de la planificaci\u00f3n formativa de un curso\u00a0<em>e-learning.<br \/>\n&#8211;\u00a0<\/em>Reconocer la relevancia de la comunicaci\u00f3n y el\u00a0<em>feedback<\/em>\u00a0en entornos virtuales de aprendizaje.<br \/>\n&#8211;\u00a0Descubrir el papel de la evaluaci\u00f3n en la formaci\u00f3n\u00a0<em>e-learning.<br \/>\n&#8211;\u00a0<\/em>Crear un curso\u00a0<em>e-learning<\/em>\u00a0de forma aut\u00f3noma.<\/p>\n<h3 class=\"fusion-responsive-typography-calculated\" data-fontsize=\"22\" data-lineheight=\"35.2px\">Contenido Formativo<\/h3>\n<p><strong>La formaci\u00f3n profesional y su organizaci\u00f3n<\/strong><br \/>\nIntroducci\u00f3n.<br \/>\nLa estructura de la formaci\u00f3n profesional.<br \/>\nFormaci\u00f3n Profesional del sistema educativo.<br \/>\nFormaci\u00f3n profesional para el empleo.<br \/>\nResumen.<\/p>\n<p><strong>Las nuevas tecnolog\u00edas como herramienta de formaci\u00f3n: la formaci\u00f3n\u00a0<em>e-learning<\/em><\/strong><br \/>\nIntroducci\u00f3n.<br \/>\nLa educaci\u00f3n de adultos en Espa\u00f1a.<br \/>\nNacimiento de la educaci\u00f3n a distancia y la formaci\u00f3n\u00a0<em>e-learning.<\/em><br \/>\nLas posibilidades de internet en la formaci\u00f3n: las plataformas virtuales de formaci\u00f3n.<br \/>\nResumen.<\/p>\n<p><strong>Creaci\u00f3n de un curso\u00a0<em>e-learning:<\/em>\u00a0planificaci\u00f3n formativa<\/strong><br \/>\nIntroducci\u00f3n.<br \/>\nPlanificaci\u00f3n formativa.<br \/>\nDeterminaci\u00f3n y desarrollo de objetivos formativos.<br \/>\nSelecci\u00f3n y secuenciaci\u00f3n de contenidos.<br \/>\nEstrategias metodol\u00f3gicas.<br \/>\nDise\u00f1o de actividades: creaci\u00f3n de grupos de trabajo en la formaci\u00f3n\u00a0<em>online.<\/em><br \/>\nLa documentaci\u00f3n en la educaci\u00f3n a distancia.<br \/>\nResumen.<\/p>\n<p><strong>El papel de la comunicaci\u00f3n en entornos virtuales de aprendizaje<\/strong><br \/>\nIntroducci\u00f3n.<br \/>\nTeor\u00edas del aprendizaje y su aplicaci\u00f3n en la formaci\u00f3n\u00a0<em>e-learning.<\/em><br \/>\nFunciones del formador: el formador como organizador y dinamizador del aula virtual.<br \/>\nEl estilo de aprendizaje y su influencia en los procesos de formaci\u00f3n.<br \/>\nLa comunicaci\u00f3n y la ense\u00f1anza en l\u00ednea: el\u00a0<em>feedback<\/em>\u00a0y la socializaci\u00f3n a trav\u00e9s de la red.<br \/>\nResumen.<\/p>\n<p><strong>La evaluaci\u00f3n en entornos virtuales de aprendizaje<\/strong><br \/>\nIntroducci\u00f3n.<br \/>\nNecesidad de evaluar: concepto y utilidad.<br \/>\nPlanificaci\u00f3n de la evaluaci\u00f3n.<br \/>\nAspectos a evaluar: calidad de la formaci\u00f3n y grado de aprendizaje.<br \/>\nResumen.<\/p>\n<p><strong>Herramientas multimedia. C\u00f3mo crear tu propio curso\u00a0<em>e-learning<\/em><\/strong><br \/>\nIntroducci\u00f3n.<br \/>\nCreaci\u00f3n de un curso en\u00a0<em>Moodle.<\/em><br \/>\nHerramientas de autor\u00a0<em>open source.<\/em><br \/>\nCreaci\u00f3n de cursos en p\u00e1ginas web.<br \/>\nResumen.<\/p>\n<h3 class=\"fusion-responsive-typography-calculated\" data-fontsize=\"22\" data-lineheight=\"35.2px\">\u00bfA qui\u00e9n va dirigido?<\/h3>\n<p>A todos aquellos docentes y formadores interesados en desarrollar su labor formativa a trav\u00e9s de la metodolog\u00eda\u00a0<em>e-learning<\/em>\u00a0o que tienen inter\u00e9s en incluir la formaci\u00f3n\u00a0<em>online<\/em>\u00a0en su labor docente.\u00a0Tambi\u00e9n a aquellos profesionales que desean compartir sus conocimientos y experiencias a trav\u00e9s de cursos\u00a0<em>online<\/em>\u00a0y que buscan un apoyo.\u00a0Asimismo, va dirigido a aquellas personas que desean desarrollar contenidos formativos digitales para compartirlos y publicarlos en diversas plataformas virtuales.<\/p>\n<h3 class=\"fusion-responsive-typography-calculated\" data-fontsize=\"22\" data-lineheight=\"35.2px\">\u00bfPara qu\u00e9 te capacita?<\/h3>\n<p>Para aplicar los recursos que ofrece la red como medio para favorecer el aprendizaje en la formaci\u00f3n\u00a0<em>e-learning.<\/em>\u00a0Adem\u00e1s, permite revisar las metodolog\u00edas de ense\u00f1anza aplicables a la formaci\u00f3n\u00a0<em>e-learning<\/em>\u00a0y descubrir un universo de posibilidades pedag\u00f3gicas a trav\u00e9s del uso de las plataformas virtuales de aprendizaje.<\/p>\n<h3 class=\"fusion-responsive-typography-calculated\" data-fontsize=\"22\" data-lineheight=\"35.2px\">Otros datos de inter\u00e9s<\/h3>\n<p>&#8211; Una revisi\u00f3n de herramientas para la creaci\u00f3n y autogesti\u00f3n de cursos\u00a0<em>online<\/em>\u00a0imprescindibles para los formadores en\u00a0<em>e-learning.<\/em><br \/>\n<em>&#8211;\u00a0<\/em>Una gu\u00eda imprescindible para los formadores presenciales que quieren dar el salto a la formaci\u00f3n\u00a0<em>e-learning.<\/em><br \/>\n<em>&#8211;\u00a0<\/em>Un modelo de orientaci\u00f3n para docentes que quieren incluir la formaci\u00f3n\u00a0<em>online<\/em>\u00a0en su labor presencial.<br \/>\n&#8211;\u00a0Una referencia para profesionales que quieren compartir sus conocimientos y experiencias a trav\u00e9s de la formaci\u00f3n\u00a0<em>online.<\/em><br \/>\n<em>&#8211;\u00a0<\/em>Un modelo de orientaci\u00f3n para todas aquellas personas que, sin ser formadores profesionales, desean compartir sus conocimientos utilizando la red a trav\u00e9s de cursos\u00a0<em>e-learning.<\/em><br \/>\n<em>&#8211;\u00a0<\/em>Una gu\u00eda b\u00e1sica y esencial para conocer las tendencias en\u00a0<em>e-learning<\/em>\u00a0y el desarrollo de contenidos formativos.<br \/>\n&#8211;\u00a0Un modelo de orientaci\u00f3n que permitir\u00e1 a cualquier usuario, con conocimientos b\u00e1sicos, desarrollar contenidos formativos e interactivos para impartirlos a trav\u00e9s de plataformas virtuales de aprendizaje.<br \/>\n&#8211;\u00a0Una aproximaci\u00f3n a las \u00faltimas tendencias en\u00a0<em>e-learning.<\/em><\/p>\n","protected":false},"excerpt":{"rendered":"<p>Modalidad: On Line<br \/>\nDuraci\u00f3n: 120 Horas<\/p>\n<h3 class=\"fusion-responsive-typography-calculated\" data-fontsize=\"22\" data-lineheight=\"35.2px\">Objetivos<\/h3>\n<p>&#8211; Aplicar los recursos que ofrece la red como medio para favorecer el aprendizaje en la formaci\u00f3n\u00a0<em>e-learning.<br \/>\n&#8211;\u00a0<\/em>Diferenciar la Formaci\u00f3n Profesional del sistema educativo de la formaci\u00f3n profesional para el empleo.<br \/>\n&#8211;\u00a0Conocer la evoluci\u00f3n de la educaci\u00f3n de adultos en Espa\u00f1a.<br \/>\n&#8211;\u00a0Identificar las plataformas virtuales de formaci\u00f3n m\u00e1s aceptadas y utilizadas.<br \/>\n&#8211;\u00a0Conocer los aspectos fundamentales de la planificaci\u00f3n formativa de un curso\u00a0<em>e-learning.<br \/>\n&#8211;\u00a0<\/em>Reconocer la relevancia de la comunicaci\u00f3n y el\u00a0<em>feedback<\/em>\u00a0en entornos virtuales de aprendizaje.<br \/>\n&#8211;\u00a0Descubrir el papel de la evaluaci\u00f3n en la formaci\u00f3n\u00a0<em>e-learning.<br \/>\n&#8211;\u00a0<\/em>Crear un curso\u00a0<em>e-learning<\/em>\u00a0de forma aut\u00f3noma.<\/p>\n<h3 class=\"fusion-responsive-typography-calculated\" data-fontsize=\"22\" data-lineheight=\"35.2px\">Contenido Formativo<\/h3>\n<p><strong>La formaci\u00f3n profesional y su organizaci\u00f3n<\/strong><br \/>\nIntroducci\u00f3n.<br \/>\nLa estructura de la formaci\u00f3n profesional.<br \/>\nFormaci\u00f3n Profesional del sistema educativo.<br \/>\nFormaci\u00f3n profesional para el empleo.<br \/>\nResumen.<\/p>\n<p><strong>Las nuevas tecnolog\u00edas como herramienta de formaci\u00f3n: la formaci\u00f3n\u00a0<em>e-learning<\/em><\/strong><br \/>\nIntroducci\u00f3n.<br \/>\nLa educaci\u00f3n de adultos en Espa\u00f1a.<br \/>\nNacimiento de la educaci\u00f3n a distancia y la formaci\u00f3n\u00a0<em>e-learning.<\/em><br \/>\nLas posibilidades de internet en la formaci\u00f3n: las plataformas virtuales de formaci\u00f3n.<br \/>\nResumen.<\/p>\n<p><strong>Creaci\u00f3n de un curso\u00a0<em>e-learning:<\/em>\u00a0planificaci\u00f3n formativa<\/strong><br \/>\nIntroducci\u00f3n.<br \/>\nPlanificaci\u00f3n formativa.<br \/>\nDeterminaci\u00f3n y desarrollo de objetivos formativos.<br \/>\nSelecci\u00f3n y secuenciaci\u00f3n de contenidos.<br \/>\nEstrategias metodol\u00f3gicas.<br \/>\nDise\u00f1o de actividades: creaci\u00f3n de grupos de trabajo en la formaci\u00f3n\u00a0<em>online.<\/em><br \/>\nLa documentaci\u00f3n en la educaci\u00f3n a distancia.<br \/>\nResumen.<\/p>\n<p><strong>El papel de la comunicaci\u00f3n en entornos virtuales de aprendizaje<\/strong><br \/>\nIntroducci\u00f3n.<br \/>\nTeor\u00edas del aprendizaje y su aplicaci\u00f3n en la formaci\u00f3n\u00a0<em>e-learning.<\/em><br \/>\nFunciones del formador: el formador como organizador y dinamizador del aula virtual.<br \/>\nEl estilo de aprendizaje y su influencia en los procesos de formaci\u00f3n.<br \/>\nLa comunicaci\u00f3n y la ense\u00f1anza en l\u00ednea: el\u00a0<em>feedback<\/em>\u00a0y la socializaci\u00f3n a trav\u00e9s de la red.<br \/>\nResumen.<\/p>\n<p><strong>La evaluaci\u00f3n en entornos virtuales de aprendizaje<\/strong><br \/>\nIntroducci\u00f3n.<br \/>\nNecesidad de evaluar: concepto y utilidad.<br \/>\nPlanificaci\u00f3n de la evaluaci\u00f3n.<br \/>\nAspectos a evaluar: calidad de la formaci\u00f3n y grado de aprendizaje.<br \/>\nResumen.<\/p>\n<p><strong>Herramientas multimedia. C\u00f3mo crear tu propio curso\u00a0<em>e-learning<\/em><\/strong><br \/>\nIntroducci\u00f3n.<br \/>\nCreaci\u00f3n de un curso en\u00a0<em>Moodle.<\/em><br \/>\nHerramientas de autor\u00a0<em>open source.<\/em><br \/>\nCreaci\u00f3n de cursos en p\u00e1ginas web.<br \/>\nResumen.<\/p>\n<h3 class=\"fusion-responsive-typography-calculated\" data-fontsize=\"22\" data-lineheight=\"35.2px\">\u00bfA qui\u00e9n va dirigido?<\/h3>\n<p>A todos aquellos docentes y formadores interesados en desarrollar su labor formativa a trav\u00e9s de la metodolog\u00eda\u00a0<em>e-learning<\/em>\u00a0o que tienen inter\u00e9s en incluir la formaci\u00f3n\u00a0<em>online<\/em>\u00a0en su labor docente.\u00a0Tambi\u00e9n a aquellos profesionales que desean compartir sus conocimientos y experiencias a trav\u00e9s de cursos\u00a0<em>online<\/em>\u00a0y que buscan un apoyo.\u00a0Asimismo, va dirigido a aquellas personas que desean desarrollar contenidos formativos digitales para compartirlos y publicarlos en diversas plataformas virtuales.<\/p>\n<h3 class=\"fusion-responsive-typography-calculated\" data-fontsize=\"22\" data-lineheight=\"35.2px\">\u00bfPara qu\u00e9 te capacita?<\/h3>\n<p>Para aplicar los recursos que ofrece la red como medio para favorecer el aprendizaje en la formaci\u00f3n\u00a0<em>e-learning.<\/em>\u00a0Adem\u00e1s, permite revisar las metodolog\u00edas de ense\u00f1anza aplicables a la formaci\u00f3n\u00a0<em>e-learning<\/em>\u00a0y descubrir un universo de posibilidades pedag\u00f3gicas a trav\u00e9s del uso de las plataformas virtuales de aprendizaje.<\/p>\n<h3 class=\"fusion-responsive-typography-calculated\" data-fontsize=\"22\" data-lineheight=\"35.2px\">Otros datos de inter\u00e9s<\/h3>\n<p>&#8211; Una revisi\u00f3n de herramientas para la creaci\u00f3n y autogesti\u00f3n de cursos\u00a0<em>online<\/em>\u00a0imprescindibles para los formadores en\u00a0<em>e-learning.<\/em><br \/>\n<em>&#8211;\u00a0<\/em>Una gu\u00eda imprescindible para los formadores presenciales que quieren dar el salto a la formaci\u00f3n\u00a0<em>e-learning.<\/em><br \/>\n<em>&#8211;\u00a0<\/em>Un modelo de orientaci\u00f3n para docentes que quieren incluir la formaci\u00f3n\u00a0<em>online<\/em>\u00a0en su labor presencial.<br \/>\n&#8211;\u00a0Una referencia para profesionales que quieren compartir sus conocimientos y experiencias a trav\u00e9s de la formaci\u00f3n\u00a0<em>online.<\/em><br \/>\n<em>&#8211;\u00a0<\/em>Un modelo de orientaci\u00f3n para todas aquellas personas que, sin ser formadores profesionales, desean compartir sus conocimientos utilizando la red a trav\u00e9s de cursos\u00a0<em>e-learning.<\/em><br \/>\n<em>&#8211;\u00a0<\/em>Una gu\u00eda b\u00e1sica y esencial para conocer las tendencias en\u00a0<em>e-learning<\/em>\u00a0y el desarrollo de contenidos formativos.<br \/>\n&#8211;\u00a0Un modelo de orientaci\u00f3n que permitir\u00e1 a cualquier usuario, con conocimientos b\u00e1sicos, desarrollar contenidos formativos e interactivos para impartirlos a trav\u00e9s de plataformas virtuales de aprendizaje.<br \/>\n&#8211;\u00a0Una aproximaci\u00f3n a las \u00faltimas tendencias en\u00a0<em>e-learning.<\/em><\/p>\n","protected":false},"featured_media":2250,"comment_status":"closed","ping_status":"closed","template":"","meta":[],"product_cat":[61],"product_tag":[],"class_list":{"0":"post-1974","1":"product","2":"type-product","3":"status-publish","4":"has-post-thumbnail","6":"product_cat-servicios-socioculturales-y-la-comunidad","8":"first","9":"instock","10":"sale","11":"taxable","12":"shipping-taxable","13":"purchasable","14":"product-type-simple"},"_links":{"self":[{"href":"https:\/\/tienda.gevalia.es\/index.php?rest_route=\/wp\/v2\/product\/1974","targetHints":{"allow":["GET"]}}],"collection":[{"href":"https:\/\/tienda.gevalia.es\/index.php?rest_route=\/wp\/v2\/product"}],"about":[{"href":"https:\/\/tienda.gevalia.es\/index.php?rest_route=\/wp\/v2\/types\/product"}],"replies":[{"embeddable":true,"href":"https:\/\/tienda.gevalia.es\/index.php?rest_route=%2Fwp%2Fv2%2Fcomments&post=1974"}],"wp:featuredmedia":[{"embeddable":true,"href":"https:\/\/tienda.gevalia.es\/index.php?rest_route=\/wp\/v2\/media\/2250"}],"wp:attachment":[{"href":"https:\/\/tienda.gevalia.es\/index.php?rest_route=%2Fwp%2Fv2%2Fmedia&parent=1974"}],"wp:term":[{"taxonomy":"product_cat","embeddable":true,"href":"https:\/\/tienda.gevalia.es\/index.php?rest_route=%2Fwp%2Fv2%2Fproduct_cat&post=1974"},{"taxonomy":"product_tag","embeddable":true,"href":"https:\/\/tienda.gevalia.es\/index.php?rest_route=%2Fwp%2Fv2%2Fproduct_tag&post=1974"}],"curies":[{"name":"wp","href":"https:\/\/api.w.org\/{rel}","templated":true}]}}