{"id":1987,"date":"2022-08-17T12:46:39","date_gmt":"2022-08-17T12:46:39","guid":{"rendered":"https:\/\/tienda.gevalia.es\/?post_type=product&#038;p=1987"},"modified":"2022-09-10T09:27:09","modified_gmt":"2022-09-10T09:27:09","slug":"monitor-de-actividades-extraescolares","status":"publish","type":"product","link":"https:\/\/tienda.gevalia.es\/?product=monitor-de-actividades-extraescolares","title":{"rendered":"Monitor de actividades extraescolares."},"content":{"rendered":"<p>Modalidad: On Line<br \/>\nDuraci\u00f3n: 25 Horas<\/p>\n<h3 class=\"fusion-responsive-typography-calculated\" data-fontsize=\"22\" data-lineheight=\"35.2px\">Objetivos<\/h3>\n<p>Entender el origen del proceso educativo humano y ubicar al monitor de\u00a0actividades extraescolares\u00a0en el mismo, otorg\u00e1ndole el lugar significativo que tiene en la adquisici\u00f3n de h\u00e1bitos, conceptos, procedimientos y actitudes que favorecen el desarrollo integral de los ni\u00f1os\/as atendiendo a las caracter\u00edsticas evolutivas de cada ni\u00f1o\/a de manera individual y del grupo en global, para poder realizar proyectos de intervenci\u00f3n favorecedores y motivantes.<\/p>\n<h3 class=\"fusion-responsive-typography-calculated\" data-fontsize=\"22\" data-lineheight=\"35.2px\">Contenido Formativo<\/h3>\n<p><strong>EL MONITOR ESCOLAR EN LAS ACTIVIDADES EXTRAESCOLARES<\/strong><\/p>\n<p><strong>El monitor extraescolar. Conceptualizaci\u00f3n<\/strong><br \/>\nLas actividades extraescolares. Responsabilidades<br \/>\nEl grupo escolar<br \/>\nDin\u00e1micas para favorecer la integraci\u00f3n del grupo<br \/>\nAplicaci\u00f3n pr\u00e1ctica<br \/>\nResumen<\/p>\n<p><strong>Actividades y talleres para ni\u00f1os y ni\u00f1as<\/strong><br \/>\nLos diferentes lenguajes y t\u00e9cnicas art\u00edsticas<br \/>\nEl teatro y el juego dram\u00e1tico<br \/>\nTaller de manualidades<br \/>\nTaller musical: danza<br \/>\nActividad f\u00edsica y deportiva<br \/>\nActividades de lectura y nuevas tecnolog\u00edas<br \/>\nResumen<\/p>\n<h3 class=\"fusion-responsive-typography-calculated\" data-fontsize=\"22\" data-lineheight=\"35.2px\">\u00bfA qui\u00e9n va dirigido?<\/h3>\n<p>A todas aquellas personas que est\u00e9n trabajando con ni\u00f1os\/as o tengan deseos de hacerlo como monitor de\u00a0actividades extraescolares\u00a0y sientan inter\u00e9s por el conocimiento de las distintas facetas que cada funci\u00f3n requiere para conseguir de cada ni\u00f1o\/a el desarrollo de todas sus potencialidades para convertirlos en personas aut\u00f3nomas, creativas y din\u00e1micas.<\/p>\n<h3 class=\"fusion-responsive-typography-calculated\" data-fontsize=\"22\" data-lineheight=\"35.2px\">\u00bfPara qu\u00e9 te capacita?<\/h3>\n<p>&#8211; Para conocer las caracter\u00edsticas, cualidades y requerimientos que cada labor exige y adaptar as\u00ed la forma de trabajar, la elecci\u00f3n de materiales, espacios, distribuci\u00f3n de los grupos, actividades, evaluaciones, metodolog\u00eda, etc., con los peque\u00f1os\/as seg\u00fan el momento en el que se encuentren.<br \/>\n&#8211; Para el reconocimiento y detecci\u00f3n precoz, a trav\u00e9s de la observaci\u00f3n sistem\u00e1tica de los alumnos\/as, de posibles trastornos proporcion\u00e1ndole conocimiento sobre las medidas, recursos y t\u00e9cnicas para el tratamiento educativo de atenci\u00f3n a interesados\/as con necesidades educativas especiales.<\/p>\n<h3 class=\"fusion-responsive-typography-calculated\" data-fontsize=\"22\" data-lineheight=\"35.2px\">Otros datos de inter\u00e9s<\/h3>\n<p>&#8211; Para interesados sin conocimientos previos que deseen adquirir los conocimientos necesarios para desempe\u00f1ar su labor en centros educativos.<br \/>\n&#8211; Profesionales de la educaci\u00f3n que deseen actualizar sus conocimientos o profundizar en aspectos espec\u00edficos: manipulaci\u00f3n de alimentos, t\u00e9cnicas de trabajo, materiales, actividades para el desarrollo de los diferentes lenguajes expresivos (pl\u00e1stico, corporal, musical, audiovisual, etc.).<br \/>\n&#8211; Este curso est\u00e1 basado en la legislaci\u00f3n educativa actual y en autores relevantes por sus estudios relativos a la educaci\u00f3n. Adem\u00e1s cuenta con referencias bibliogr\u00e1ficas interesantes para todos los que deseen profundizar en algunos de los puntos destacados.<br \/>\n&#8211; En cada cap\u00edtulo encontrar\u00e1 ejemplos, curiosidades, aplicaciones pr\u00e1cticas, cuadros explicativos, mapas conceptuales, res\u00famenes y cuestiones de autoevaluaci\u00f3n, con sus soluciones para que pueda comprobar si la asimilaci\u00f3n de los contenidos ha sido eficaz o insuficiente.<\/p>\n","protected":false},"excerpt":{"rendered":"<p>Modalidad: On Line Duraci\u00f3n: 25 Horas Objetivos Entender el origen del proceso educativo humano y ubicar al monitor de\u00a0actividades extraescolares\u00a0en el mismo, otorg\u00e1ndole el lugar significativo que tiene en la adquisici\u00f3n de h\u00e1bitos, conceptos, procedimientos y actitudes que favorecen el desarrollo integral de los ni\u00f1os\/as&hellip;<\/p>\n","protected":false},"featured_media":2268,"comment_status":"closed","ping_status":"closed","template":"","meta":[],"product_cat":[61],"product_tag":[],"class_list":{"0":"post-1987","1":"product","2":"type-product","3":"status-publish","4":"has-post-thumbnail","6":"product_cat-servicios-socioculturales-y-la-comunidad","8":"first","9":"instock","10":"sale","11":"taxable","12":"shipping-taxable","13":"purchasable","14":"product-type-simple"},"_links":{"self":[{"href":"https:\/\/tienda.gevalia.es\/index.php?rest_route=\/wp\/v2\/product\/1987","targetHints":{"allow":["GET"]}}],"collection":[{"href":"https:\/\/tienda.gevalia.es\/index.php?rest_route=\/wp\/v2\/product"}],"about":[{"href":"https:\/\/tienda.gevalia.es\/index.php?rest_route=\/wp\/v2\/types\/product"}],"replies":[{"embeddable":true,"href":"https:\/\/tienda.gevalia.es\/index.php?rest_route=%2Fwp%2Fv2%2Fcomments&post=1987"}],"wp:featuredmedia":[{"embeddable":true,"href":"https:\/\/tienda.gevalia.es\/index.php?rest_route=\/wp\/v2\/media\/2268"}],"wp:attachment":[{"href":"https:\/\/tienda.gevalia.es\/index.php?rest_route=%2Fwp%2Fv2%2Fmedia&parent=1987"}],"wp:term":[{"taxonomy":"product_cat","embeddable":true,"href":"https:\/\/tienda.gevalia.es\/index.php?rest_route=%2Fwp%2Fv2%2Fproduct_cat&post=1987"},{"taxonomy":"product_tag","embeddable":true,"href":"https:\/\/tienda.gevalia.es\/index.php?rest_route=%2Fwp%2Fv2%2Fproduct_tag&post=1987"}],"curies":[{"name":"wp","href":"https:\/\/api.w.org\/{rel}","templated":true}]}}